{"id":62,"date":"2016-08-09T04:41:09","date_gmt":"2016-08-09T04:41:09","guid":{"rendered":"http:\/\/potenzawp.ga\/sam-martin\/?page_id=2"},"modified":"2026-04-29T19:53:46","modified_gmt":"2026-04-29T17:53:46","slug":"sample-page-2-2","status":"publish","type":"page","link":"https:\/\/bednarmilan.cz\/en\/","title":{"rendered":"Home"},"content":{"rendered":"<section class=\"wpb-content-wrapper\"><div id=\"hlavni_stranka\" class=\"vc_row wpb_row vc_row-fluid vc_custom_1769378866797 vc_row-has-fill vc_row-o-full-height vc_row-o-columns-middle vc_row-flex\"><div class=\"wpb_column vc_column_container vc_col-sm-12\"><div class=\"vc_column-inner\"><div class=\"wpb_wrapper\"><div class=\"vc_row wpb_row vc_inner vc_row-fluid intro-content-main\"><div class=\"intro-content wpb_column vc_column_container vc_col-sm-12\"><div class=\"vc_column-inner\"><div class=\"wpb_wrapper\">\n\t<div class=\"wpb_text_column wpb_content_element \" >\n\t\t<div class=\"wpb_wrapper\">\n\t\t\t<p><span class=\"intro\">Dobr\u00fd den, jmenuji se<\/span><\/p>\n<h1><span class=\"intro\">Milan Bedn\u00e1\u0159<\/span><\/h1>\n\n\t\t<\/div>\n\t<\/div>\n\t\t<div id=\"typer-69f33d108514c\" class=\"sam-martin-text-rotator text-rotator-type-animation typer-content color-layout-light\">\n\t\t\t\t\t\t\t<h2 data-rotator_options=\"{&quot;animation&quot;:&quot;fadeIn&quot;,&quot;separator&quot;:&quot;|&quot;,&quot;speed&quot;:&quot;3000&quot;}\">MAKROEKONOM|V\u00ddZKUMN\u00dd PRACOVN\u00cdK|ANALYTIK|VYSOKO\u0160KOLSK\u00dd PEDAGOG<\/h2>\n\t\t\t\t\t\t<\/div>\n\t\t<div class=\"vc_btn3-container vc_btn3-inline vc_custom_1561250578290\" ><a class=\"vc_general vc_btn3 vc_btn3-size-xs vc_btn3-shape-rounded vc_btn3-style-flat vc_btn3-color-primary\" href=\"\/cv\" title=\"\" target=\"_blank\">\u017divotopis ke sta\u017een\u00ed<\/a><\/div><\/div><\/div><\/div><\/div><div class=\"vc_row wpb_row vc_inner vc_row-fluid scroll-down-main\"><div class=\"wpb_column vc_column_container vc_col-sm-12\"><div class=\"vc_column-inner\"><div class=\"wpb_wrapper\"><div class=\"vc_btn3-container  scroll-down vc_btn3-center\" ><a class=\"vc_general vc_btn3 vc_btn3-size-md vc_btn3-shape-rounded vc_btn3-style-classic vc_btn3-color-white\" href=\"#o_mne\" title=\"\"><i><\/i><\/a><\/div><\/div><\/div><\/div><\/div><\/div><\/div><\/div><\/div><div id=\"o_mne\" class=\"vc_row wpb_row vc_row-fluid vc_custom_1561328576145\"><div class=\"wpb_column vc_column_container vc_col-sm-4\"><div class=\"vc_column-inner\"><div class=\"wpb_wrapper\">\n\t<div  class=\"wpb_single_image wpb_content_element vc_align_left\">\n\t\t\n\t\t<figure class=\"wpb_wrapper vc_figure\">\n\t\t\t<div class=\"vc_single_image-wrapper   vc_box_border_grey\"><img loading=\"lazy\" decoding=\"async\" width=\"1707\" height=\"2560\" src=\"https:\/\/bednarmilan.cz\/wp-content\/uploads\/2026\/01\/DSC03541_FINAL_moje-scaled.jpg\" class=\"vc_single_image-img attachment-full\" alt=\"\" title=\"Tituln\u00ed fotka\" srcset=\"https:\/\/bednarmilan.cz\/wp-content\/uploads\/2026\/01\/DSC03541_FINAL_moje-scaled.jpg 1707w, https:\/\/bednarmilan.cz\/wp-content\/uploads\/2026\/01\/DSC03541_FINAL_moje-200x300.jpg 200w, https:\/\/bednarmilan.cz\/wp-content\/uploads\/2026\/01\/DSC03541_FINAL_moje-683x1024.jpg 683w, https:\/\/bednarmilan.cz\/wp-content\/uploads\/2026\/01\/DSC03541_FINAL_moje-768x1152.jpg 768w, https:\/\/bednarmilan.cz\/wp-content\/uploads\/2026\/01\/DSC03541_FINAL_moje-1024x1536.jpg 1024w, https:\/\/bednarmilan.cz\/wp-content\/uploads\/2026\/01\/DSC03541_FINAL_moje-1365x2048.jpg 1365w, https:\/\/bednarmilan.cz\/wp-content\/uploads\/2026\/01\/DSC03541_FINAL_moje-8x12.jpg 8w, https:\/\/bednarmilan.cz\/wp-content\/uploads\/2026\/01\/DSC03541_FINAL_moje-222x333.jpg 222w, https:\/\/bednarmilan.cz\/wp-content\/uploads\/2026\/01\/DSC03541_FINAL_moje-327x490.jpg 327w, https:\/\/bednarmilan.cz\/wp-content\/uploads\/2026\/01\/DSC03541_FINAL_moje-247x370.jpg 247w, https:\/\/bednarmilan.cz\/wp-content\/uploads\/2026\/01\/DSC03541_FINAL_moje-600x900.jpg 600w\" sizes=\"auto, (max-width: 1707px) 100vw, 1707px\" \/><\/div>\n\t\t<\/figure>\n\t<\/div>\n\t<div class=\"about-social\">\n\t\t<ul class=\"sam-martin-social-profiles\">\n\t\t\t\t\t\t\t<li class=\"sam-martin-social-profile\">\n\t\t\t\t\t<a href=\"https:\/\/www.linkedin.com\/in\/milanbednar\" target=\"_blank\"><i class=\"fab fa-linkedin-in\"><\/i><\/a>\t\t\t\t<\/li>\n\t\t\t\t\t\t\t\t<li class=\"sam-martin-social-profile\">\n\t\t\t\t\t<a href=\"mailto:kontakt@bednarmilan.cz\" target=\"_blank\"><i class=\"fab fa-maxcdn\"><\/i><\/a>\t\t\t\t<\/li>\n\t\t\t\t\t\t<\/ul>\n\t<\/div>\n\t<\/div><\/div><\/div><div class=\"wpb_column vc_column_container vc_col-sm-8\"><div class=\"vc_column-inner\"><div class=\"wpb_wrapper\"><div class=\"vc_row wpb_row vc_inner vc_row-fluid\"><div class=\"wpb_column vc_column_container vc_col-sm-12\"><div class=\"vc_column-inner\"><div class=\"wpb_wrapper\">\n\t<div class=\"section-title\">\n\t\t<div class=\"section-title-name\">\n\t\t\t<span>Z\u00e1kladn\u00ed informace<\/span>\n\t\t\t<h2>O mn\u011b<\/h2>\n\t\t<\/div>\t\n\t\t<div class=\"title-name-gray\"><strong>O mn\u011b<\/strong><\/div>\n\t<\/div>\n\t<\/div><\/div><\/div><\/div><div class=\"vc_row wpb_row vc_inner vc_row-fluid vc_custom_1471580442167\"><div class=\"wpb_column vc_column_container vc_col-sm-4\"><div class=\"vc_column-inner\"><div class=\"wpb_wrapper\">\t<div class=\"feature_box clearfix\">\n\t\t<div class=\"feature-icon\">\n\t\t\t<span class=\"vc_icon_element-icon vc_li vc_li-user\"><\/span>\n\t\t<\/div>\n\t\t<div class=\"feature-info\">\n\t\t\t<h4>Jm\u00e9no:<\/h4>\t\t\t<p>Milan Bedn\u00e1\u0159<\/p>\n\t\t<\/div>\n\t<\/div>\n\t<\/div><\/div><\/div><div class=\"wpb_column vc_column_container vc_col-sm-4\"><div class=\"vc_column-inner\"><div class=\"wpb_wrapper\">\t<div class=\"feature_box clearfix\">\n\t\t<div class=\"feature-icon\">\n\t\t\t<span class=\"vc_icon_element-icon vc_li vc_li-mail\"><\/span>\n\t\t<\/div>\n\t\t<div class=\"feature-info\">\n\t\t\t<h4>Email:<\/h4>\t\t\t<p>kontakt (zavin\u00e1\u010d) bednarmilan.cz<\/p>\n\t\t<\/div>\n\t<\/div>\n\t<\/div><\/div><\/div><div class=\"wpb_column vc_column_container vc_col-sm-4\"><div class=\"vc_column-inner\"><div class=\"wpb_wrapper\">\t<div class=\"feature_box clearfix\">\n\t\t<div class=\"feature-icon\">\n\t\t\t<span class=\"vc_icon_element-icon vc_li vc_li-note\"><\/span>\n\t\t<\/div>\n\t\t<div class=\"feature-info\">\n\t\t\t<h4>Zam\u011bstnavatel:<\/h4>\t\t\t<p>Vysok\u00e1 \u0161kola ekonomick\u00e1 v Praze<\/p>\n\t\t<\/div>\n\t<\/div>\n\t<\/div><\/div><\/div><\/div><div class=\"vc_row wpb_row vc_inner vc_row-fluid\"><div class=\"wpb_column vc_column_container vc_col-sm-4\"><div class=\"vc_column-inner\"><div class=\"wpb_wrapper\">\t<div class=\"feature_box clearfix\">\n\t\t<div class=\"feature-icon\">\n\t\t\t<span class=\"vc_icon_element-icon vc_li vc_li-calendar\"><\/span>\n\t\t<\/div>\n\t\t<div class=\"feature-info\">\n\t\t\t<h4>Datum narozen\u00ed:<\/h4>\t\t\t<p>21. \u0159\u00edjna 1991<\/p>\n\t\t<\/div>\n\t<\/div>\n\t<\/div><\/div><\/div><div class=\"wpb_column vc_column_container vc_col-sm-4\"><div class=\"vc_column-inner\"><div class=\"wpb_wrapper\">\t<div class=\"feature_box clearfix\">\n\t\t<div class=\"feature-icon\">\n\t\t\t<span class=\"vc_icon_element-icon vc_li vc_li-paperplane\"><\/span>\n\t\t<\/div>\n\t\t<div class=\"feature-info\">\n\t\t\t<h4>M\u00edsto p\u016fsobnosti:<\/h4>\t\t\t<p>Praha, \u010cesk\u00e1 republika<\/p>\n\t\t<\/div>\n\t<\/div>\n\t<\/div><\/div><\/div><div class=\"wpb_column vc_column_container vc_col-sm-4\"><div class=\"vc_column-inner\"><div class=\"wpb_wrapper\">\t<div class=\"feature_box clearfix\">\n\t\t<div class=\"feature-icon\">\n\t\t\t<span class=\"vc_icon_element-icon vc_li vc_li-study\"><\/span>\n\t\t<\/div>\n\t\t<div class=\"feature-info\">\n\t\t\t<h4>Vzd\u011bl\u00e1n\u00ed:<\/h4>\t\t\t<p>In\u017een\u00fdr (Ing.), Doktor (Ph.D.), Docent (doc.)<\/p>\n\t\t<\/div>\n\t<\/div>\n\t<\/div><\/div><\/div><\/div><div class=\"vc_row wpb_row vc_inner vc_row-fluid\"><div class=\"about-block wpb_column vc_column_container vc_col-sm-12\"><div class=\"vc_column-inner\"><div class=\"wpb_wrapper\">\n\t<div class=\"wpb_text_column wpb_content_element \" >\n\t\t<div class=\"wpb_wrapper\">\n\t\t\t<p>Jmenuji se Milan Bedn\u00e1\u0159 a v\u011bnuji se makroekonomick\u00e9 anal\u00fdze a hospod\u00e1\u0159sk\u00e9 politice. Ve sv\u00e9 pr\u00e1ci propojuji akademickou preciznost s aplikovan\u00fdm pohledem na ekonomiku a zam\u011b\u0159uji se na interpretaci dat, konstrukci ekonometrick\u00fdch model\u016f a jejich praktickou aplikaci.<\/p>\n<p>P\u016fsob\u00edm jako analytik, v\u00fdzkumn\u00fd pracovn\u00edk a vysoko\u0161kolsk\u00fd pedagog. Dlouhodob\u011b se zab\u00fdv\u00e1m makroekonomickou dynamikou, m\u011bnovou a fisk\u00e1ln\u00ed politikou, evropskou integrac\u00ed a aplikovanou ekonometri\u00ed.<br \/>\nSou\u010d\u00e1st\u00ed m\u00e9 expert\u00edzy je tak\u00e9 ve\u0159ejn\u00e1 komunikace ekonomick\u00fdch t\u00e9mat a jejich vysv\u011btlov\u00e1n\u00ed \u0161ir\u0161\u00ed odborn\u00e9 i laick\u00e9 ve\u0159ejnosti.<\/p>\n<p>Akademicky p\u016fsob\u00edm na N\u00e1rodohospod\u00e1\u0159sk\u00e9 fakult\u011b Vysok\u00e9 \u0161koly ekonomick\u00e9 v Praze, kde jsem z\u00edskal docenturu a doktorsk\u00fd titul v oboru Hospod\u00e1\u0159sk\u00e1 politika.<br \/>\nMagistersk\u00e9 vzd\u011bl\u00e1n\u00ed jsem absolvoval ve stejn\u00e9m oboru se specializac\u00ed na pen\u011b\u017en\u00ed ekonomii a bankovnictv\u00ed. Mezin\u00e1rodn\u00ed zku\u0161enosti jsem mimo jin\u00e9 z\u00edskal b\u011bhem studijn\u00edho pobytu v Austr\u00e1lii na University of Queensland. Akademickou pr\u00e1ci vn\u00edm\u00e1m jako zp\u016fsob, jak si udr\u017eet analytickou hloubku, discipl\u00ednu a metodickou \u010distotu. Tyto principy n\u00e1sledn\u011b uplat\u0148uji v aplikovan\u00e9 ekonomick\u00e9 anal\u00fdze.<\/p>\n\n\t\t<\/div>\n\t<\/div>\n\n\t<div  class=\"wpb_single_image wpb_content_element vc_align_left\">\n\t\t\n\t\t<figure class=\"wpb_wrapper vc_figure\">\n\t\t\t<div class=\"vc_single_image-wrapper   vc_box_border_grey\"><img loading=\"lazy\" decoding=\"async\" width=\"353\" height=\"122\" src=\"https:\/\/bednarmilan.cz\/wp-content\/uploads\/2019\/06\/podpis.png\" class=\"vc_single_image-img attachment-full\" alt=\"\" title=\"podpis\" srcset=\"https:\/\/bednarmilan.cz\/wp-content\/uploads\/2019\/06\/podpis.png 353w, https:\/\/bednarmilan.cz\/wp-content\/uploads\/2019\/06\/podpis-300x104.png 300w\" sizes=\"auto, (max-width: 353px) 100vw, 353px\" \/><\/div>\n\t\t<\/figure>\n\t<\/div>\n<\/div><\/div><\/div><\/div><\/div><\/div><\/div><\/div><div id=\"sluzby\" class=\"vc_row wpb_row vc_row-fluid vc_custom_1561493664690\"><div class=\"wpb_column vc_column_container vc_col-sm-12\"><div class=\"vc_column-inner\"><div class=\"wpb_wrapper\">\n\t<div class=\"section-title\">\n\t\t<div class=\"section-title-name\">\n\t\t\t<span>Co mohu nab\u00eddnout<\/span>\n\t\t\t<h2>Slu\u017eby<\/h2>\n\t\t<\/div>\t\n\t\t<div class=\"title-name-gray\"><strong>Slu\u017eby<\/strong><\/div>\n\t<\/div>\n\t<div class=\"vc_row wpb_row vc_inner vc_row-fluid\"><div class=\"wpb_column vc_column_container vc_col-sm-6 vc_col-lg-3 vc_col-md-3 vc_col-xs-12\"><div class=\"vc_column-inner\"><div class=\"wpb_wrapper\">\n\t<div class=\"service-block contact-button-off\">\n\t\t<span class=\"vc_icon_element-icon     vc_li vc_li-pen  \"><\/span>\n\t\t<h2>Zpracov\u00e1n\u00ed odborn\u00fdch anal\u00fdz a studi\u00ed<\/h2>\n\t\t<p>Zpracov\u00e1v\u00e1m aplikovan\u00e9 makroekonomick\u00e9 a hospod\u00e1\u0159sko-politick\u00e9 anal\u00fdzy zam\u011b\u0159en\u00e9 na aktu\u00e1ln\u00ed ekonomick\u00e1 t\u00e9mata a rozhodovac\u00ed probl\u00e9my. Sou\u010d\u00e1st\u00ed v\u00fdstupu je interpretace dat, pr\u00e1ce s ekonometrick\u00fdmi modely a srozumiteln\u00e9 shrnut\u00ed kl\u00ed\u010dov\u00fdch z\u00e1v\u011br\u016f a implikac\u00ed pro praxi. Typick\u00fdmi oblastmi jsou hospod\u00e1\u0159sk\u00e1 politika, makroekonomick\u00fd v\u00fdvoj, evropsk\u00e1 ekonomick\u00e1 integrace a souvisej\u00edc\u00ed ekonomick\u00e9 dopady.<\/p>\n\t\t\t<\/div>\n\t<\/div><\/div><\/div><div class=\"wpb_column vc_column_container vc_col-sm-6 vc_col-lg-3 vc_col-md-3 vc_col-xs-12\"><div class=\"vc_column-inner\"><div class=\"wpb_wrapper\">\n\t<div class=\"service-block contact-button-off\">\n\t\t<span class=\"vc_icon_element-icon     vc_li vc_li-user  \"><\/span>\n\t\t<h2>Odborn\u00e9 p\u0159edn\u00e1\u0161ky a prezentace<\/h2>\n\t\t<p>P\u0159ipravuji a realizuji odborn\u00e9 p\u0159edn\u00e1\u0161ky, prezentace a vystoupen\u00ed na m\u00edru konkr\u00e9tn\u00edmu publiku \u2013 od odborn\u00fdch semin\u00e1\u0159\u016f a\u017e po \u0161ir\u0161\u00ed ve\u0159ejn\u00e9 akce. D\u016fraz kladu na srozumitelnost, strukturu a propojen\u00ed dat s ekonomick\u00fdmi souvislostmi. M\u00e1m dlouhodob\u00e9 zku\u0161enosti s v\u00fdukou na vysok\u00e9 \u0161kole, \u00fa\u010dast\u00ed na odborn\u00fdch konferenc\u00edch i s vystupov\u00e1n\u00edm v m\u00e9di\u00edch.<\/p>\n\t\t\t<\/div>\n\t<\/div><\/div><\/div><div class=\"wpb_column vc_column_container vc_col-sm-6 vc_col-lg-3 vc_col-md-3 vc_col-xs-12\"><div class=\"vc_column-inner\"><div class=\"wpb_wrapper\">\n\t<div class=\"service-block contact-button-off\">\n\t\t<span class=\"vc_icon_element-icon     vc_li vc_li-params  \"><\/span>\n\t\t<h2>Odborn\u00e9 posudky a nez\u00e1visl\u00e1 odborn\u00e1 stanoviska<\/h2>\n\t\t<p>Poskytuji nez\u00e1visl\u00e1 odborn\u00e1 stanoviska a posudky k analytick\u00fdm, koncep\u010dn\u00edm a strategick\u00fdm materi\u00e1l\u016fm v oblasti ekonomie a hospod\u00e1\u0159sk\u00e9 politiky. Zam\u011b\u0159uji se na posouzen\u00ed metodick\u00e9 kvality, konzistence z\u00e1v\u011br\u016f, pr\u00e1ce s daty a relevance v\u00fdsledk\u016f pro rozhodov\u00e1n\u00ed v praxi. V\u00fdstupem je strukturovan\u00e9 a srozumiteln\u00e9 hodnocen\u00ed, kter\u00e9 identifikuje kl\u00ed\u010dov\u00e9 siln\u00e9 str\u00e1nky, slab\u00e1 m\u00edsta a p\u0159\u00edpadn\u00e1 rizika posuzovan\u00fdch materi\u00e1l\u016f.<\/p>\n\t\t\t<\/div>\n\t<\/div><\/div><\/div><div class=\"wpb_column vc_column_container vc_col-sm-6 vc_col-lg-3 vc_col-md-3 vc_col-xs-12\"><div class=\"vc_column-inner\"><div class=\"wpb_wrapper\">\n\t<div class=\"service-block contact-button-off\">\n\t\t<span class=\"vc_icon_element-icon     vc_li vc_li-study  \"><\/span>\n\t\t<h2>V\u00fduka, \u0161kolen\u00ed a kurzy na m\u00edru<\/h2>\n\t\t<p>Nab\u00edz\u00edm p\u0159\u00edmou v\u00fduku, \u0161kolen\u00ed a kurzy v \u010desk\u00e9m i anglick\u00e9m jazyce zam\u011b\u0159en\u00e9 na makroekonomii, hospod\u00e1\u0159skou politiku, ekonomickou anal\u00fdzu a evropskou ekonomickou integraci. Obsah i forma jsou v\u017edy p\u0159izp\u016fsobeny c\u00edlov\u00e9 skupin\u011b \u2013 od student\u016f po odborn\u00e9 publikum.<\/p>\n\t\t\t<\/div>\n\t<\/div><\/div><\/div><\/div><\/div><\/div><\/div><\/div><div id=\"dovednosti\" class=\"vc_row wpb_row vc_row-fluid vc_custom_1561500082559\"><div class=\"wpb_column vc_column_container vc_col-sm-12\"><div class=\"vc_column-inner\"><div class=\"wpb_wrapper\">\n\t<div class=\"section-title\">\n\t\t<div class=\"section-title-name\">\n\t\t\t<span>Oblasti, kter\u00fdmi se dlouhodob\u011b zab\u00fdv\u00e1m<\/span>\n\t\t\t<h2>Dovednosti<\/h2>\n\t\t<\/div>\t\n\t\t<div class=\"title-name-gray\"><strong>Dovednosti<\/strong><\/div>\n\t<\/div>\n\t<div class=\"vc_row wpb_row vc_inner vc_row-fluid\"><div class=\"wpb_column vc_column_container vc_col-sm-4\"><div class=\"vc_column-inner\"><div class=\"wpb_wrapper\">\t<ul class=\"pgs_list pgs_list_style_1\">\n\t\t\t\t\t<li>\n\t\t\t\t\t\t\t\t\t<i class=\"fas fa-th\"><\/i>\n\t\t\t\t\tMakroekonomick\u00e1 anal\u00fdza a interpretace dat\t\t\t<\/li>\n\t\t\t\t\t\t<li>\n\t\t\t\t\t\t\t\t\t<i class=\"fas fa-th\"><\/i>\n\t\t\t\t\tHospod\u00e1\u0159sk\u00e1 politika a hospod\u00e1\u0159sko-politick\u00e9 dopady\t\t\t<\/li>\n\t\t\t\t\t\t<li>\n\t\t\t\t\t\t\t\t\t<i class=\"fas fa-th\"><\/i>\n\t\t\t\t\tAplikovan\u00e1 ekonometrie a statistick\u00e9 odhady\t\t\t<\/li>\n\t\t\t\t\t\t<li>\n\t\t\t\t\t\t\t\t\t<i class=\"fas fa-th\"><\/i>\n\t\t\t\t\tAnal\u00fdza makroekonomick\u00e9ho v\u00fdvoje a sc\u00e9n\u00e1\u0159\u016f\t\t\t<\/li>\n\t\t\t\t<\/ul>\n\t<\/div><\/div><\/div><div class=\"wpb_column vc_column_container vc_col-sm-4\"><div class=\"vc_column-inner\"><div class=\"wpb_wrapper\">\t<ul class=\"pgs_list pgs_list_style_1\">\n\t\t\t\t\t<li>\n\t\t\t\t\t\t\t\t\t<i class=\"fas fa-th\"><\/i>\n\t\t\t\t\tZpracov\u00e1n\u00ed odborn\u00fdch anal\u00fdz, studi\u00ed a doporu\u010den\u00ed\t\t\t<\/li>\n\t\t\t\t\t\t<li>\n\t\t\t\t\t\t\t\t\t<i class=\"fas fa-th\"><\/i>\n\t\t\t\t\tHodnocen\u00ed kvality analytick\u00fdch a koncep\u010dn\u00edch materi\u00e1l\u016f\t\t\t<\/li>\n\t\t\t\t\t\t<li>\n\t\t\t\t\t\t\t\t\t<i class=\"fas fa-th\"><\/i>\n\t\t\t\t\tOdborn\u00e9 re\u0161er\u0161e a pr\u00e1ce s ekonomick\u00fdmi daty\t\t\t<\/li>\n\t\t\t\t\t\t<li>\n\t\t\t\t\t\t\t\t\t<i class=\"fas fa-th\"><\/i>\n\t\t\t\t\tIdentifikace kl\u00ed\u010dov\u00fdch p\u0159edpoklad\u016f a rizik\t\t\t<\/li>\n\t\t\t\t<\/ul>\n\t<\/div><\/div><\/div><div class=\"wpb_column vc_column_container vc_col-sm-4\"><div class=\"vc_column-inner\"><div class=\"wpb_wrapper\">\t<ul class=\"pgs_list pgs_list_style_1\">\n\t\t\t\t\t<li>\n\t\t\t\t\t\t\t\t\t<i class=\"fas fa-th\"><\/i>\n\t\t\t\t\tSrozumiteln\u00e1 komunikace ekonomick\u00fdch t\u00e9mat\t\t\t<\/li>\n\t\t\t\t\t\t<li>\n\t\t\t\t\t\t\t\t\t<i class=\"fas fa-th\"><\/i>\n\t\t\t\t\tVe\u0159ejn\u00e1 vystoupen\u00ed a odborn\u00e9 prezentace\t\t\t<\/li>\n\t\t\t\t\t\t<li>\n\t\t\t\t\t\t\t\t\t<i class=\"fas fa-th\"><\/i>\n\t\t\t\t\tProfesion\u00e1ln\u00ed tvorba analytick\u00fdch a prezenta\u010dn\u00edch dokument\u016f\t\t\t<\/li>\n\t\t\t\t\t\t<li>\n\t\t\t\t\t\t\t\t\t<i class=\"fas fa-th\"><\/i>\n\t\t\t\t\tP\u0159\u00edm\u00e1 v\u00fduka a odborn\u00e1 \u0161kolen\u00ed\t\t\t<\/li>\n\t\t\t\t<\/ul>\n\t<\/div><\/div><\/div><\/div><div class=\"vc_row wpb_row vc_inner vc_row-fluid\"><div class=\"wpb_column vc_column_container vc_col-sm-12\"><div class=\"vc_column-inner\"><div class=\"wpb_wrapper\"><div class=\"vc_empty_space\"   style=\"height: 32px\"><span class=\"vc_empty_space_inner\"><\/span><\/div><div class=\"vc_separator wpb_content_element vc_separator_align_center vc_sep_width_100 vc_sep_pos_align_center vc_separator_no_text vc_sep_color_grey\" ><span class=\"vc_sep_holder vc_sep_holder_l\"><span class=\"vc_sep_line\"><\/span><\/span><span class=\"vc_sep_holder vc_sep_holder_r\"><span class=\"vc_sep_line\"><\/span><\/span>\n<\/div><div class=\"vc_empty_space\"   style=\"height: 7px\"><span class=\"vc_empty_space_inner\"><\/span><\/div>\t<ul class=\"pgs_list pgs_list_style_1\">\n\t\t\t\t\t<li>\n\t\t\t\t\t\t\t\t\t<i class=\"fa fa-file-text-o\"><\/i>\n\t\t\t\t\t<strong><a href=\"\/Bednar_CV.pdf\" target=\"_blank\">\u017divotopis v \u010desk\u00e9m jazyce<\/a><\/strong>\t\t\t<\/li>\n\t\t\t\t\t\t<li>\n\t\t\t\t\t\t\t\t\t<i class=\"fa fa-file-text-o\"><\/i>\n\t\t\t\t\t<strong><a href=\"\/en\/cv\/\" target=\"_blank\">\u017divotopis v anglick\u00e9m jazyce<\/a><\/strong>\t\t\t<\/li>\n\t\t\t\t\t\t<li>\n\t\t\t\t\t\t\t\t\t<i class=\"fa fa-file-text-o\"><\/i>\n\t\t\t\t\t<strong><a href=\"Diserta\u010dn\u00ed_pr\u00e1ce_Bedn\u00e1\u0159.pdf\" target=\"_blank\">Diserta\u010dn\u00ed pr\u00e1ce (doktorsk\u00e9 studium)<\/a><\/strong>\t\t\t<\/li>\n\t\t\t\t<\/ul>\n\t<\/div><\/div><\/div><\/div><\/div><\/div><\/div><\/div><div id=\"filosofie\" class=\"vc_row wpb_row vc_row-fluid vc_custom_1561500193599\"><div class=\"wpb_column vc_column_container vc_col-sm-12\"><div class=\"vc_column-inner\"><div class=\"wpb_wrapper\">\n\t<div class=\"section-title\">\n\t\t<div class=\"section-title-name\">\n\t\t\t<span>\u010c\u00edm se v \u017eivot\u011b \u0159\u00edd\u00edm<\/span>\n\t\t\t<h2>Filosofie<\/h2>\n\t\t<\/div>\t\n\t\t<div class=\"title-name-gray\"><strong>Filosofie<\/strong><\/div>\n\t<\/div>\n\t<div class=\"vc_row wpb_row vc_inner vc_row-fluid\"><div class=\"skill-content wpb_column vc_column_container vc_col-sm-8\"><div class=\"vc_column-inner\"><div class=\"wpb_wrapper\">\n\t<div class=\"wpb_text_column wpb_content_element \" >\n\t\t<div class=\"wpb_wrapper\">\n\t\t\t<h1 class=\"filosofie\"><b>\u201e\u00dasp\u011bch nen\u00ed n\u00e1hodn\u00fd, ale je v\u00fdsledkem dlouhodob\u00e9 pr\u00e1ce.\u201c<\/b><\/h1>\n<blockquote><p>\nVe sv\u00e9 pr\u00e1ci se \u0159\u00edd\u00edm p\u0159esv\u011bd\u010den\u00edm, \u017ee kvalitn\u00ed v\u00fdsledky vznikaj\u00ed kombinac\u00ed systematick\u00e9 pr\u00e1ce, dlouhodob\u00e9ho \u00fasil\u00ed a jasn\u011b definovan\u00fdch c\u00edl\u016f. V ekonomick\u00e9 anal\u00fdze neexistuj\u00ed zkratky. Smyslupln\u00e9 z\u00e1v\u011bry vy\u017eaduj\u00ed discipl\u00ednu, konzistentn\u00ed p\u0159\u00edstup a respekt k dat\u016fm.<\/p>\n<p>Kladu d\u016fraz na poctivou analytickou pr\u00e1ci, transparentnost postup\u016f a odpov\u011bdnost p\u0159i interpretaci v\u00fdsledk\u016f. Ekonomick\u00e1 doporu\u010den\u00ed pova\u017euji za u\u017eite\u010dn\u00e1 pouze tehdy, pokud obstoj\u00ed nejen z metodick\u00e9ho hlediska, ale tak\u00e9 v re\u00e1ln\u00e9m rozhodovac\u00edm prost\u0159ed\u00ed.<\/p>\n<p>V\u011b\u0159\u00edm, \u017ee d\u016fv\u011bra se buduje dlouhodob\u011b, p\u0159edev\u0161\u00edm prost\u0159ednictv\u00edm konkr\u00e9tn\u00edch \u010din\u016f a v\u00fdsledk\u016f. Proto usiluji o to, aby m\u00e1 pr\u00e1ce byla srozumiteln\u00e1, konzistentn\u00ed a prakticky vyu\u017eiteln\u00e1. Op\u00edr\u00e1m se o analytickou p\u0159esnost a v\u011bcnou interpretaci.\n<\/p><\/blockquote>\n\n\t\t<\/div>\n\t<\/div>\n<\/div><\/div><\/div><div class=\"wpb_column vc_column_container vc_col-sm-4\"><div class=\"vc_column-inner\"><div class=\"wpb_wrapper\">\n\t<div  class=\"wpb_single_image wpb_content_element vc_align_left\">\n\t\t\n\t\t<figure class=\"wpb_wrapper vc_figure\">\n\t\t\t<div class=\"vc_single_image-wrapper   vc_box_border_grey\"><img loading=\"lazy\" decoding=\"async\" width=\"550\" height=\"436\" src=\"https:\/\/bednarmilan.cz\/wp-content\/uploads\/2019\/06\/trust2.jpg\" class=\"vc_single_image-img attachment-large\" alt=\"\" title=\"D\u016fv\u011bra\" srcset=\"https:\/\/bednarmilan.cz\/wp-content\/uploads\/2019\/06\/trust2.jpg 550w, https:\/\/bednarmilan.cz\/wp-content\/uploads\/2019\/06\/trust2-300x238.jpg 300w, https:\/\/bednarmilan.cz\/wp-content\/uploads\/2019\/06\/trust2-420x333.jpg 420w, https:\/\/bednarmilan.cz\/wp-content\/uploads\/2019\/06\/trust2-467x370.jpg 467w\" sizes=\"auto, (max-width: 550px) 100vw, 550px\" \/><\/div>\n\t\t<\/figure>\n\t<\/div>\n<\/div><\/div><\/div><\/div><\/div><\/div><\/div><\/div><div id=\"odborne_prace\" class=\"vc_row wpb_row vc_row-fluid vc_custom_1561502069820\"><div class=\"wpb_column vc_column_container vc_col-sm-12\"><div class=\"vc_column-inner\"><div class=\"wpb_wrapper\">\n\t<div class=\"section-title\">\n\t\t<div class=\"section-title-name\">\n\t\t\t<span>V\u00fdstupy m\u00e9 pr\u00e1ce<\/span>\n\t\t\t<h2>Odborn\u00e9 pr\u00e1ce<\/h2>\n\t\t<\/div>\t\n\t\t<div class=\"title-name-gray\"><strong>Odborn\u00e9 pr\u00e1ce<\/strong><\/div>\n\t<\/div>\n\t<div class=\"vc_row wpb_row vc_inner vc_row-fluid\"><div class=\"wpb_column vc_column_container vc_col-sm-12\"><div class=\"vc_column-inner\"><div class=\"wpb_wrapper\">\t\t\t<div class=\"isotope-container\">\n\t\t\t\t\t\t\t<div class=\"isotope-filters text-left\">\n\t\t\t\t\t<button data-filter=\"\" class=\"active\">All<span>\/<\/span><\/button>\n\t\t\t\t\t\t\t\t\t\t\t<button data-filter=\".disertacni-prace\">\n\t\t\t\t\t\t\tDiserta\u010dn\u00ed pr\u00e1ce\t\t\t\t\t\t\t\t<span>\/<\/span>\n\t\t\t\t\t\t\t\t\t\t\t\t\t\t<\/button>\n\t\t\t\t\t\t\t\t\t\t\t\t<button data-filter=\".knihy\">\n\t\t\t\t\t\t\tKnihy\t\t\t\t\t\t\t\t<span>\/<\/span>\n\t\t\t\t\t\t\t\t\t\t\t\t\t\t<\/button>\n\t\t\t\t\t\t\t\t\t\t\t\t<button data-filter=\".prispevky-ve-sbornicich\">\n\t\t\t\t\t\t\tP\u0159\u00edsp\u011bvky ve sborn\u00edc\u00edch \u2013 Mezin\u00e1rodn\u00ed konference\t\t\t\t\t\t\t\t<span>\/<\/span>\n\t\t\t\t\t\t\t\t\t\t\t\t\t\t<\/button>\n\t\t\t\t\t\t\t\t\t\t\t\t<button data-filter=\".vedecke-clanky\">\n\t\t\t\t\t\t\tV\u011bdeck\u00e9 \u010dl\u00e1nky\t\t\t\t\t\t\t\t<span>\/<\/span>\n\t\t\t\t\t\t\t\t\t\t\t\t\t\t<\/button>\n\t\t\t\t\t\t\t\t\t\t\t\t<button data-filter=\".vyzkumne-studie-na-zakazku\">\n\t\t\t\t\t\t\tV\u00fdzkumn\u00e9 studie na zak\u00e1zku\t\t\t\t\t\t<\/button>\n\t\t\t\t\t\t\t\t\t\t<\/div>\n\t\t\t\t\t\t\t<div class=\"isotope popup-portfolio full-screen\">\n\t\t\t<div class=\"grid\">\n\t\t\t\t\t\t\t\t\t<div class=\"grid-item knihy\">\n\t\t\t\t\t\t<div class=\"portfolio-item\">\n\t\t\t\t\t\t\t<div class=\"item\">\n\t\t\t\t\t\t\t\t<div class=\"item-hover\">\n\t\t\t\t\t\t\t\t\t<div class=\"item-inner\"><img decoding=\"async\" class=\"img-responsive\" src=\"https:\/\/bednarmilan.cz\/wp-content\/uploads\/2023\/05\/obal_knihy-1-654x1024.png\" alt='obal_knihy'><\/div>\n\t\t\t\t\t\t\t\t\t<div class=\"item-info\">\n\t\t\t\t\t\t\t\t\t\t<a href=\"https:\/\/bednarmilan.cz\/en\/portfolios\/monografie-fiscal-policy-in-the-southern-european-union-countries-the-aftermath-of-covid-19\/\">Monografie \u2013 Fiscal Policy in the Southern European Union Countries: The Aftermath of COVID-19<\/a>\n\t\t\t\t\t\t\t\t\t\t<span>\n\t\t\t\t\t\t\t\t\t\t\tBy Milan Bedn\u00e1\u0159\t\t\t\t\t\t\t\t\t\t<\/span>\n\t\t\t\t\t\t\t\t\t\t<div class=\"item-link\">\n\t\t\t\t\t\t\t\t\t\t\t<a class=\"portfolio-img\" href=\"https:\/\/bednarmilan.cz\/wp-content\/uploads\/2023\/05\/obal_knihy-1-654x1024.png\"><span class=\"ti-plus\"><\/span><\/a>\n\t\t\t\t\t\t\t\t\t\t\t<a href=\"https:\/\/bednarmilan.cz\/en\/portfolios\/monografie-fiscal-policy-in-the-southern-european-union-countries-the-aftermath-of-covid-19\/\"><span class=\"ti-link\"><\/span><\/a>\n\t\t\t\t\t\t\t\t\t\t<\/div>\n\t\t\t\t\t\t\t\t\t<\/div>\n\t\t\t\t\t\t\t\t<\/div>\n\t\t\t\t\t\t\t<\/div>\n\t\t\t\t\t\t<\/div>\n\t\t\t\t\t<\/div>\n\t\t\t\t\t\t\t\t\t\t<div class=\"grid-item \">\n\t\t\t\t\t\t<div class=\"portfolio-item\">\n\t\t\t\t\t\t\t<div class=\"item\">\n\t\t\t\t\t\t\t\t<div class=\"item-hover\">\n\t\t\t\t\t\t\t\t\t<div class=\"item-inner\"><img decoding=\"async\" class=\"img-responsive\" src=\"https:\/\/bednarmilan.cz\/wp-content\/uploads\/2022\/11\/EU_ETS-1024x682.jpg\" alt='EU_ETS'><\/div>\n\t\t\t\t\t\t\t\t\t<div class=\"item-info\">\n\t\t\t\t\t\t\t\t\t\t<a href=\"https:\/\/bednarmilan.cz\/en\/portfolios\/evropsky-system-pro-obchodovani-s-emisnimi-povolenkami-eu-ets-dopady-na-konkurenceschopnost-clenskych-zemi-eu-pracovni-dokument\/\">Evropsk\u00fd syst\u00e9m pro obchodov\u00e1n\u00ed s emisn\u00edmi povolenkami (EU ETS): Dopady na konkurenceschopnost \u010dlensk\u00fdch zem\u00ed EU (Pracovn\u00ed dokument)<\/a>\n\t\t\t\t\t\t\t\t\t\t<span>\n\t\t\t\t\t\t\t\t\t\t\tBy Milan Bedn\u00e1\u0159\t\t\t\t\t\t\t\t\t\t<\/span>\n\t\t\t\t\t\t\t\t\t\t<div class=\"item-link\">\n\t\t\t\t\t\t\t\t\t\t\t<a class=\"portfolio-img\" href=\"https:\/\/bednarmilan.cz\/wp-content\/uploads\/2022\/11\/EU_ETS-1024x682.jpg\"><span class=\"ti-plus\"><\/span><\/a>\n\t\t\t\t\t\t\t\t\t\t\t<a href=\"https:\/\/bednarmilan.cz\/en\/portfolios\/evropsky-system-pro-obchodovani-s-emisnimi-povolenkami-eu-ets-dopady-na-konkurenceschopnost-clenskych-zemi-eu-pracovni-dokument\/\"><span class=\"ti-link\"><\/span><\/a>\n\t\t\t\t\t\t\t\t\t\t<\/div>\n\t\t\t\t\t\t\t\t\t<\/div>\n\t\t\t\t\t\t\t\t<\/div>\n\t\t\t\t\t\t\t<\/div>\n\t\t\t\t\t\t<\/div>\n\t\t\t\t\t<\/div>\n\t\t\t\t\t\t\t\t\t\t<div class=\"grid-item disertacni-prace\">\n\t\t\t\t\t\t<div class=\"portfolio-item\">\n\t\t\t\t\t\t\t<div class=\"item\">\n\t\t\t\t\t\t\t\t<div class=\"item-hover\">\n\t\t\t\t\t\t\t\t\t<div class=\"item-inner\"><img decoding=\"async\" class=\"img-responsive\" src=\"https:\/\/bednarmilan.cz\/wp-content\/uploads\/2021\/03\/photo-1471107340929-a87cd0f5b5f3.jpg\" alt='photo-1471107340929-a87cd0f5b5f3'><\/div>\n\t\t\t\t\t\t\t\t\t<div class=\"item-info\">\n\t\t\t\t\t\t\t\t\t\t<a href=\"https:\/\/bednarmilan.cz\/en\/portfolios\/fiskalni-politika-zemi-jizniho-kridla-eu-mezi-lety-2000-2019-a-moznosti-reseni-vladnich-zadluzeni\/\">Fisk\u00e1ln\u00ed politika zem\u00ed ji\u017en\u00edho k\u0159\u00eddla EU mezi lety 2000\u20132019 a mo\u017enosti \u0159e\u0161en\u00ed vl\u00e1dn\u00edch zadlu\u017een\u00ed<\/a>\n\t\t\t\t\t\t\t\t\t\t<span>\n\t\t\t\t\t\t\t\t\t\t\tBy Milan Bedn\u00e1\u0159\t\t\t\t\t\t\t\t\t\t<\/span>\n\t\t\t\t\t\t\t\t\t\t<div class=\"item-link\">\n\t\t\t\t\t\t\t\t\t\t\t<a class=\"portfolio-img\" href=\"https:\/\/bednarmilan.cz\/wp-content\/uploads\/2021\/03\/photo-1471107340929-a87cd0f5b5f3.jpg\"><span class=\"ti-plus\"><\/span><\/a>\n\t\t\t\t\t\t\t\t\t\t\t<a href=\"https:\/\/bednarmilan.cz\/en\/portfolios\/fiskalni-politika-zemi-jizniho-kridla-eu-mezi-lety-2000-2019-a-moznosti-reseni-vladnich-zadluzeni\/\"><span class=\"ti-link\"><\/span><\/a>\n\t\t\t\t\t\t\t\t\t\t<\/div>\n\t\t\t\t\t\t\t\t\t<\/div>\n\t\t\t\t\t\t\t\t<\/div>\n\t\t\t\t\t\t\t<\/div>\n\t\t\t\t\t\t<\/div>\n\t\t\t\t\t<\/div>\n\t\t\t\t\t\t\t\t\t\t<div class=\"grid-item vedecke-clanky\">\n\t\t\t\t\t\t<div class=\"portfolio-item\">\n\t\t\t\t\t\t\t<div class=\"item\">\n\t\t\t\t\t\t\t\t<div class=\"item-hover\">\n\t\t\t\t\t\t\t\t\t<div class=\"item-inner\"><img decoding=\"async\" class=\"img-responsive\" src=\"https:\/\/bednarmilan.cz\/wp-content\/uploads\/2021\/03\/wavelet.gif\" alt='wavelet'><\/div>\n\t\t\t\t\t\t\t\t\t<div class=\"item-info\">\n\t\t\t\t\t\t\t\t\t\t<a href=\"https:\/\/bednarmilan.cz\/en\/portfolios\/cyclical-synchronization-of-the-czech-republic-and-the-euro-area\/\">Cyclical Synchronization of the Czech Republic and the Euro Area<\/a>\n\t\t\t\t\t\t\t\t\t\t<span>\n\t\t\t\t\t\t\t\t\t\t\tBy Milan Bedn\u00e1\u0159\t\t\t\t\t\t\t\t\t\t<\/span>\n\t\t\t\t\t\t\t\t\t\t<div class=\"item-link\">\n\t\t\t\t\t\t\t\t\t\t\t<a class=\"portfolio-img\" href=\"https:\/\/bednarmilan.cz\/wp-content\/uploads\/2021\/03\/wavelet.gif\"><span class=\"ti-plus\"><\/span><\/a>\n\t\t\t\t\t\t\t\t\t\t\t<a href=\"https:\/\/bednarmilan.cz\/en\/portfolios\/cyclical-synchronization-of-the-czech-republic-and-the-euro-area\/\"><span class=\"ti-link\"><\/span><\/a>\n\t\t\t\t\t\t\t\t\t\t<\/div>\n\t\t\t\t\t\t\t\t\t<\/div>\n\t\t\t\t\t\t\t\t<\/div>\n\t\t\t\t\t\t\t<\/div>\n\t\t\t\t\t\t<\/div>\n\t\t\t\t\t<\/div>\n\t\t\t\t\t\t\t\t\t\t<div class=\"grid-item prispevky-ve-sbornicich\">\n\t\t\t\t\t\t<div class=\"portfolio-item\">\n\t\t\t\t\t\t\t<div class=\"item\">\n\t\t\t\t\t\t\t\t<div class=\"item-hover\">\n\t\t\t\t\t\t\t\t\t<div class=\"item-inner\"><img decoding=\"async\" class=\"img-responsive\" src=\"https:\/\/bednarmilan.cz\/wp-content\/uploads\/2021\/03\/euro-sculpture-2867925_960_720.jpg\" alt='euro-sculpture-2867925_960_720'><\/div>\n\t\t\t\t\t\t\t\t\t<div class=\"item-info\">\n\t\t\t\t\t\t\t\t\t\t<a href=\"https:\/\/bednarmilan.cz\/en\/portfolios\/is-there-a-finite-debt-accumulation-horizon-in-the-eurozone\/\">Is There a Finite Debt Accumulation Horizon in the Eurozone?<\/a>\n\t\t\t\t\t\t\t\t\t\t<span>\n\t\t\t\t\t\t\t\t\t\t\tBy Milan Bedn\u00e1\u0159\t\t\t\t\t\t\t\t\t\t<\/span>\n\t\t\t\t\t\t\t\t\t\t<div class=\"item-link\">\n\t\t\t\t\t\t\t\t\t\t\t<a class=\"portfolio-img\" href=\"https:\/\/bednarmilan.cz\/wp-content\/uploads\/2021\/03\/euro-sculpture-2867925_960_720.jpg\"><span class=\"ti-plus\"><\/span><\/a>\n\t\t\t\t\t\t\t\t\t\t\t<a href=\"https:\/\/bednarmilan.cz\/en\/portfolios\/is-there-a-finite-debt-accumulation-horizon-in-the-eurozone\/\"><span class=\"ti-link\"><\/span><\/a>\n\t\t\t\t\t\t\t\t\t\t<\/div>\n\t\t\t\t\t\t\t\t\t<\/div>\n\t\t\t\t\t\t\t\t<\/div>\n\t\t\t\t\t\t\t<\/div>\n\t\t\t\t\t\t<\/div>\n\t\t\t\t\t<\/div>\n\t\t\t\t\t\t\t\t\t\t<div class=\"grid-item vedecke-clanky\">\n\t\t\t\t\t\t<div class=\"portfolio-item\">\n\t\t\t\t\t\t\t<div class=\"item\">\n\t\t\t\t\t\t\t\t<div class=\"item-hover\">\n\t\t\t\t\t\t\t\t\t<div class=\"item-inner\"><img decoding=\"async\" class=\"img-responsive\" src=\"https:\/\/bednarmilan.cz\/wp-content\/uploads\/2021\/03\/hands-1063442_960_720.jpg\" alt='hands-1063442_960_720'><\/div>\n\t\t\t\t\t\t\t\t\t<div class=\"item-info\">\n\t\t\t\t\t\t\t\t\t\t<a href=\"https:\/\/bednarmilan.cz\/en\/portfolios\/obchodne-politicke-prekazky-vyvozu-zbozi-z-evropske-unie-do-usa\/\">Obchodn\u011b-politick\u00e9 p\u0159ek\u00e1\u017eky v\u00fdvozu zbo\u017e\u00ed z Evropsk\u00e9 unie do USA<\/a>\n\t\t\t\t\t\t\t\t\t\t<span>\n\t\t\t\t\t\t\t\t\t\t\tBy Milan Bedn\u00e1\u0159\t\t\t\t\t\t\t\t\t\t<\/span>\n\t\t\t\t\t\t\t\t\t\t<div class=\"item-link\">\n\t\t\t\t\t\t\t\t\t\t\t<a class=\"portfolio-img\" href=\"https:\/\/bednarmilan.cz\/wp-content\/uploads\/2021\/03\/hands-1063442_960_720.jpg\"><span class=\"ti-plus\"><\/span><\/a>\n\t\t\t\t\t\t\t\t\t\t\t<a href=\"https:\/\/bednarmilan.cz\/en\/portfolios\/obchodne-politicke-prekazky-vyvozu-zbozi-z-evropske-unie-do-usa\/\"><span class=\"ti-link\"><\/span><\/a>\n\t\t\t\t\t\t\t\t\t\t<\/div>\n\t\t\t\t\t\t\t\t\t<\/div>\n\t\t\t\t\t\t\t\t<\/div>\n\t\t\t\t\t\t\t<\/div>\n\t\t\t\t\t\t<\/div>\n\t\t\t\t\t<\/div>\n\t\t\t\t\t\t\t\t\t\t<div class=\"grid-item vedecke-clanky\">\n\t\t\t\t\t\t<div class=\"portfolio-item\">\n\t\t\t\t\t\t\t<div class=\"item\">\n\t\t\t\t\t\t\t\t<div class=\"item-hover\">\n\t\t\t\t\t\t\t\t\t<div class=\"item-inner\"><img decoding=\"async\" class=\"img-responsive\" src=\"https:\/\/bednarmilan.cz\/wp-content\/uploads\/2021\/03\/photo-1536181783029-1097aaf179de-1024x682.jpg\" alt='photo-1536181783029-1097aaf179de'><\/div>\n\t\t\t\t\t\t\t\t\t<div class=\"item-info\">\n\t\t\t\t\t\t\t\t\t\t<a href=\"https:\/\/bednarmilan.cz\/en\/portfolios\/political-budget-cycles-in-the-european-union-new-evidence-of-fragmentation\/\">Political Budget Cycles in the European Union: New Evidence of Fragmentation<\/a>\n\t\t\t\t\t\t\t\t\t\t<span>\n\t\t\t\t\t\t\t\t\t\t\tBy Milan Bedn\u00e1\u0159\t\t\t\t\t\t\t\t\t\t<\/span>\n\t\t\t\t\t\t\t\t\t\t<div class=\"item-link\">\n\t\t\t\t\t\t\t\t\t\t\t<a class=\"portfolio-img\" href=\"https:\/\/bednarmilan.cz\/wp-content\/uploads\/2021\/03\/photo-1536181783029-1097aaf179de-1024x682.jpg\"><span class=\"ti-plus\"><\/span><\/a>\n\t\t\t\t\t\t\t\t\t\t\t<a href=\"https:\/\/bednarmilan.cz\/en\/portfolios\/political-budget-cycles-in-the-european-union-new-evidence-of-fragmentation\/\"><span class=\"ti-link\"><\/span><\/a>\n\t\t\t\t\t\t\t\t\t\t<\/div>\n\t\t\t\t\t\t\t\t\t<\/div>\n\t\t\t\t\t\t\t\t<\/div>\n\t\t\t\t\t\t\t<\/div>\n\t\t\t\t\t\t<\/div>\n\t\t\t\t\t<\/div>\n\t\t\t\t\t\t\t\t\t\t<div class=\"grid-item prispevky-ve-sbornicich\">\n\t\t\t\t\t\t<div class=\"portfolio-item\">\n\t\t\t\t\t\t\t<div class=\"item\">\n\t\t\t\t\t\t\t\t<div class=\"item-hover\">\n\t\t\t\t\t\t\t\t\t<div class=\"item-inner\"><img decoding=\"async\" class=\"img-responsive\" src=\"https:\/\/bednarmilan.cz\/wp-content\/uploads\/2021\/03\/euro-593757_960_720.jpg\" alt='euro-593757_960_720'><\/div>\n\t\t\t\t\t\t\t\t\t<div class=\"item-info\">\n\t\t\t\t\t\t\t\t\t\t<a href=\"https:\/\/bednarmilan.cz\/en\/portfolios\/the-euro-area-and-a-fiscal-union-in-the-context-of-implicit-assumptions-would-it-solve-the-problems-of-the-system\/\">The Euro Area and a Fiscal Union in the Context of Implicit Assumptions<\/a>\n\t\t\t\t\t\t\t\t\t\t<span>\n\t\t\t\t\t\t\t\t\t\t\tBy Milan Bedn\u00e1\u0159\t\t\t\t\t\t\t\t\t\t<\/span>\n\t\t\t\t\t\t\t\t\t\t<div class=\"item-link\">\n\t\t\t\t\t\t\t\t\t\t\t<a class=\"portfolio-img\" href=\"https:\/\/bednarmilan.cz\/wp-content\/uploads\/2021\/03\/euro-593757_960_720.jpg\"><span class=\"ti-plus\"><\/span><\/a>\n\t\t\t\t\t\t\t\t\t\t\t<a href=\"https:\/\/bednarmilan.cz\/en\/portfolios\/the-euro-area-and-a-fiscal-union-in-the-context-of-implicit-assumptions-would-it-solve-the-problems-of-the-system\/\"><span class=\"ti-link\"><\/span><\/a>\n\t\t\t\t\t\t\t\t\t\t<\/div>\n\t\t\t\t\t\t\t\t\t<\/div>\n\t\t\t\t\t\t\t\t<\/div>\n\t\t\t\t\t\t\t<\/div>\n\t\t\t\t\t\t<\/div>\n\t\t\t\t\t<\/div>\n\t\t\t\t\t\t\t\t<\/div>\n\t\t\t<\/div>\n\t\t\t<\/div>\n\t\t\t<\/div><\/div><\/div><\/div><\/div><\/div><\/div><\/div><div id=\"clanky\" class=\"vc_row wpb_row vc_row-fluid vc_custom_1562944081525\"><div class=\"wpb_column vc_column_container vc_col-sm-12\"><div class=\"vc_column-inner\"><div class=\"wpb_wrapper\">\n\t<div class=\"section-title\">\n\t\t<div class=\"section-title-name\">\n\t\t\t<span>Koment\u00e1\u0159e a anal\u00fdzy<\/span>\n\t\t\t<h2>\u010cl\u00e1nky<\/h2>\n\t\t<\/div>\t\n\t\t<div class=\"title-name-gray\"><strong>\u010cl\u00e1nky<\/strong><\/div>\n\t<\/div>\n\t\n\t<div class=\"wpb_text_column wpb_content_element \" >\n\t\t<div class=\"wpb_wrapper\">\n\t\t\t<h3><strong>Novinov\u00e9 \u010dl\u00e1nky:<\/strong><\/h3>\n\n\t\t<\/div>\n\t<\/div>\n\t<ul class=\"pgs_list pgs_list_style_1\">\n\t\t\t\t\t<li>\n\t\t\t\t\t\t\t\t\t<i class=\"far fa-newspaper\"><\/i>\n\t\t\t\t\t<strong><a href=\"https:\/\/cnn.iprima.cz\/regulace-marzi-zacal-zavod-ke-dnu-rekl-musil-zahojili-by-se-na-nas-polaci-namitl-bednar-509628\" target=\"_blank\">16. dubna 2026 \u2013 Regulace mar\u017e\u00ed? Za\u010dal z\u00e1vod ke dnu, \u0159ekl Musil. Zahojili by se na n\u00e1s Pol\u00e1ci, nam\u00edtl Bedn\u00e1\u0159<\/a><\/strong>\t\t\t<\/li>\n\t\t\t\t\t\t<li>\n\t\t\t\t\t\t\t\t\t<i class=\"far fa-newspaper\"><\/i>\n\t\t\t\t\t<strong><a href=\"https:\/\/cnn.iprima.cz\/pilny-zestatneni-cez-bude-drahe-vhodnou-dobu-uz-jsme-davno-promeskali-mini-ekonom-bednar-505045\" target=\"_blank\">23. \u00fanora 2026 \u2013 Piln\u00fd: Zest\u00e1tnit \u010cEZ bude drah\u00e9. Vhodnou dobu u\u017e jsme d\u00e1vno prome\u0161kali, m\u00edn\u00ed ekonom Bedn\u00e1\u0159<\/a><\/strong>\t\t\t<\/li>\n\t\t\t\t\t\t<li>\n\t\t\t\t\t\t\t\t\t<i class=\"far fa-newspaper\"><\/i>\n\t\t\t\t\t<strong><a href=\"https:\/\/www.idnes.cz\/ekonomika\/domaci\/cesko-si-i-letos-udrzi-solidni-ekonomicky-rust-jsou-zde-vsak-rizika.A260101_195314_ekonomika_tvrk\" target=\"_blank\">2. ledna 2026 \u2013 \u010cesko si i letos udr\u017e\u00ed solidn\u00ed ekonomick\u00fd r\u016fst. Jsou zde v\u0161ak rizika<\/a><\/strong>\t\t\t<\/li>\n\t\t\t\t\t\t<li>\n\t\t\t\t\t\t\t\t\t<i class=\"far fa-newspaper\"><\/i>\n\t\t\t\t\t<strong><a href=\"https:\/\/zpravy.aktualne.cz\/duchodci-si-od-ledna-polepsi-dostanou-vic-nez-by-odpovidalo\/r~4c5b524a5cb811f0bb77ac1f6b220ee8\/\" target=\"_blank\">9. \u010dervence 2025 \u2013 Dva miliony \u010cech\u016f si polep\u0161\u00ed. Dostanou v\u00edc, ne\u017e by odpov\u00eddalo inflaci, tvrd\u00ed ekonom<\/a><\/strong>\t\t\t<\/li>\n\t\t\t\t\t\t<li>\n\t\t\t\t\t\t\t\t\t<i class=\"far fa-newspaper\"><\/i>\n\t\t\t\t\t<strong><a href=\"https:\/\/www.idnes.cz\/ekonomika\/domaci\/cesko-firmy-nazev-marketing.A250218_133422_ekonomika_jla\n\" target=\"_blank\">13. b\u0159ezna 2025 \u2013 \u010cesko v n\u00e1zvu, majitel z ciziny. Kter\u00e9 firmy jsou n\u00e1rodn\u00ed sp\u00ed\u0161 jen podle jm\u00e9na<\/a><\/strong>\t\t\t<\/li>\n\t\t\t\t\t\t<li>\n\t\t\t\t\t\t\t\t\t<i class=\"far fa-newspaper\"><\/i>\n\t\t\t\t\t<strong><a href=\"https:\/\/www.idnes.cz\/ekonomika\/domaci\/ekonomika-cesko-nemecko-2025-green-deal-energie.A250101_170359_ekonomika_vals\" target=\"_blank\">2. ledna 2025 \u2013 \u010cesk\u00e1 ekonomika by m\u011bla r\u016fst. Brzdou m\u016f\u017ee b\u00fdt N\u011bmecko, Trump i Green Deal<\/a><\/strong>\t\t\t<\/li>\n\t\t\t\t\t\t<li>\n\t\t\t\t\t\t\t\t\t<i class=\"far fa-newspaper\"><\/i>\n\t\t\t\t\t<strong><a href=\"\/vyhled-2024\/\" target=\"_blank\">29. prosince 2023 \u2013 Budeme se m\u00edt p\u0159\u00ed\u0161t\u00ed rok l\u00e9pe? S nejv\u011bt\u0161\u00ed pravd\u011bpodobnost\u00ed ano, na oslavu to ale nebude<\/a><\/strong>\t\t\t<\/li>\n\t\t\t\t\t\t<li>\n\t\t\t\t\t\t\t\t\t<i class=\"far fa-newspaper\"><\/i>\n\t\t\t\t\t<strong><a href=\"\/nezamestnanost-a-mzdy\/\" target=\"_blank\">27. listopadu 2023 \u2013 Pro\u010d m\u00e1me zaseknut\u00fd trh pr\u00e1ce? A nech\u00e1vaj\u00ed se \u010ce\u0161i o\u0161kub\u00e1vat n\u00edzk\u00fdmi mzdami?<\/a><\/strong>\t\t\t<\/li>\n\t\t\t\t\t\t<li>\n\t\t\t\t\t\t\t\t\t<i class=\"far fa-newspaper\"><\/i>\n\t\t\t\t\t<strong><a href=\"\/inflace-2024\/\" target=\"_blank\">2. listopadu 2023 \u2013 Dvouprocentn\u00ed infla\u010dn\u00ed c\u00edl v roce 2024 \u2013 realita, nebo zbo\u017en\u00e9 p\u0159\u00e1n\u00ed?<\/a><\/strong>\t\t\t<\/li>\n\t\t\t\t\t\t<li>\n\t\t\t\t\t\t\t\t\t<i class=\"far fa-newspaper\"><\/i>\n\t\t\t\t\t<strong><a href=\"\/skrty-dotaci-a-balicek\/\" target=\"_blank\">5. \u0159\u00edjna 2023 \u2013 \u0160krty dotac\u00ed a rozpo\u010dtov\u00e1 aritmetika \u2013 konsolida\u010dn\u00ed bal\u00ed\u010dek z\u0159ejm\u011b skon\u010d\u00ed naprost\u00fdm fiaskem<\/a><\/strong>\t\t\t<\/li>\n\t\t\t\t\t\t<li>\n\t\t\t\t\t\t\t\t\t<i class=\"far fa-newspaper\"><\/i>\n\t\t\t\t\t<strong><a href=\"\/rozpolcenost-ceske-hp\/\" target=\"_blank\">29. z\u00e1\u0159\u00ed 2023 \u2013 O vl\u00e1dn\u00ed investi\u010dn\u00ed strategii a rozpolcenosti \u010desk\u00e9 hospod\u00e1\u0159sk\u00e9 politiky<\/a><\/strong>\t\t\t<\/li>\n\t\t\t\t\t\t<li>\n\t\t\t\t\t\t\t\t\t<i class=\"far fa-newspaper\"><\/i>\n\t\t\t\t\t<strong><a href=\"\/cina-a-deglobalizace\/\" target=\"_blank\">21. srpna 2023 \u2013 \u010c\u00edna dnes je\u0161t\u011b nem\u016f\u017ee dominovat sv\u011btu, p\u0159esto\u017ee Z\u00e1pad tento souboj prohr\u00e1v\u00e1<\/a><\/strong>\t\t\t<\/li>\n\t\t\t\t\t\t<li>\n\t\t\t\t\t\t\t\t\t<i class=\"far fa-newspaper\"><\/i>\n\t\t\t\t\t<strong><a href=\"\/globalizace-a-rust-dluhy\/\" target=\"_blank\">25. \u010dervence 2023 \u2013 Drsn\u00e1 pravda o globalizaci a budoucnosti \u010desk\u00e9 ekonomiky<\/a><\/strong>\t\t\t<\/li>\n\t\t\t\t\t\t<li>\n\t\t\t\t\t\t\t\t\t<i class=\"far fa-newspaper\"><\/i>\n\t\t\t\t\t<strong><a href=\"\/inflace-navrat-k-normalu\/\" target=\"_blank\">7. \u010dervence 2023 \u2013 \u010cek\u00e1 n\u00e1s rychl\u00fd p\u00e1d inflace a budeme se m\u00edt zase dob\u0159e?<\/a><\/strong>\t\t\t<\/li>\n\t\t\t\t\t\t<li>\n\t\t\t\t\t\t\t\t\t<i class=\"far fa-newspaper\"><\/i>\n\t\t\t\t\t<strong><a href=\"\/nerovnosti-ve-skolstvi\/\" target=\"_blank\">14. \u010dervna 2023 \u2013 Nesyst\u00e9mov\u00e9 a nerozumn\u00e9 financov\u00e1n\u00ed \u010desk\u00e9ho \u0161kolstv\u00ed<\/a><\/strong>\t\t\t<\/li>\n\t\t\t\t\t\t<li>\n\t\t\t\t\t\t\t\t\t<i class=\"far fa-newspaper\"><\/i>\n\t\t\t\t\t<strong><a href=\"\/vykroceni-k-preslapovani\/\" target=\"_blank\">2. \u010dervna 2023 \u2013 Je rozpo\u010dtov\u00fd vl\u00e1dn\u00ed bal\u00ed\u010dek skute\u010dn\u011b konsolida\u010dn\u00ed, \u00fasporn\u00fd a protiinfla\u010dn\u00ed?<\/a><\/strong>\t\t\t<\/li>\n\t\t\t\t\t\t<li>\n\t\t\t\t\t\t\t\t\t<i class=\"far fa-newspaper\"><\/i>\n\t\t\t\t\t<strong><a href=\"\/clanky-k-aktualnimu-deni-archiv\/\" target=\"_blank\">Archiv \u2013 novinov\u00e9 \u010dl\u00e1nky<\/a><\/strong>\t\t\t<\/li>\n\t\t\t\t<\/ul>\n\t<div class=\"vc_empty_space\"   style=\"height: 40px\"><span class=\"vc_empty_space_inner\"><\/span><\/div>\t\t<div  class=\"widget widget_recent_entries\">\n\t\t\t<!-- <div class=\"widget widget_recent_entries\">\n\t\t\t<\/div> -->\n\t\t\t\t\t\t<div class=\"row\">\n\t\t\t\t\t\t\t\t\t\t<div class=\"recent-post mb-30 col-lg-3 col-md-6 col-sm-6 col-xx-12 col-xs-6 \">\n\t\t\t\t\t\t<div class=\"blog-block \n\t\t\t\t\t\t\t\t\t\t\t\t\t\">\n\t\t\t\t\t\t\t<div class=\"blog-image recent-post-image\">\n\t\t\t\t\t\t\t\t<img loading=\"lazy\" decoding=\"async\" width=\"500\" height=\"253\" src=\"https:\/\/bednarmilan.cz\/wp-content\/uploads\/2026\/04\/diplom-500x253.jpg\" class=\"attachment-sam-martin-post-thumbnails size-sam-martin-post-thumbnails wp-post-image\" alt=\"\" srcset=\"https:\/\/bednarmilan.cz\/wp-content\/uploads\/2026\/04\/diplom-500x253.jpg 500w, https:\/\/bednarmilan.cz\/wp-content\/uploads\/2026\/04\/diplom-300x152.jpg 300w, https:\/\/bednarmilan.cz\/wp-content\/uploads\/2026\/04\/diplom-1024x519.jpg 1024w, https:\/\/bednarmilan.cz\/wp-content\/uploads\/2026\/04\/diplom-768x389.jpg 768w, https:\/\/bednarmilan.cz\/wp-content\/uploads\/2026\/04\/diplom-18x9.jpg 18w, https:\/\/bednarmilan.cz\/wp-content\/uploads\/2026\/04\/diplom-967x490.jpg 967w, https:\/\/bednarmilan.cz\/wp-content\/uploads\/2026\/04\/diplom-730x370.jpg 730w, https:\/\/bednarmilan.cz\/wp-content\/uploads\/2026\/04\/diplom-e1776679542435.jpg 900w\" sizes=\"auto, (max-width: 500px) 100vw, 500px\" \/>\t\t\t\t\t\t\t\t\t\t\t\t\t\t\t\t<div class=\"blog-date\"><span>Apr, 20<\/span><\/div>\n\t\t\t\t\t\t\t\t\t\t\t\t\t\t\t<\/div>\n\t\t\t\t\t\t\t<div class=\"blog-info\">\n\t\t\t\t\t\t\t\t<div class=\"blog-meta\">\n\t\t\t\t\t\t\t\t\t<p>\n\t\t\t\t\t\t\t\t\t\t<span class=\"ti-comment-alt\"><\/span>\n\t\t\t\t\t\t\t\t\t\t<a href=\"https:\/\/bednarmilan.cz\/en\/2026\/04\/20\/cena-nf-vse-za-nejlepsi-publikaci-v-oblasti-spolecenskeho-impaktu-aplikovaneho-a-smluvniho-vyzkumu\/#comments\">\n\t\t\t\t\t\t\t\t\t\t\t0\t\t\t\t\t\t\t\t\t\t<\/a>\n\t\t\t\t\t\t\t\t\t<\/p>\n\t\t\t\t\t\t\t\t\t<p><span class=\"ti-user\"><\/span><a href=\"https:\/\/bednarmilan.cz\/en\/author\/milan_bednar\/\" title=\"Posts by Milan Bedn\u00e1\u0159\" rel=\"author\">Milan Bedn\u00e1\u0159<\/a><\/p>\n\t\t\t\t\t\t\t\t\t\t\t\t\t\t\t\t\t\t<p><span class=\"ti-folder\"><\/span> \n\t\t\t\t\t\t\t\t\t\t\t\t\t\t\t\t\t\t\t\t\t<a href=\"https:\/\/bednarmilan.cz\/en\/category\/nezarazene\/\">\n\t\t\t\t\t\t\t\t\t\t\t\tNeza\u0159azen\u00e9\t\t\t\t\t\t\t\t\t\t\t<\/a>\n\t\t\t\t\t\t\t\t\t\t\t\t\t\t\t\t\t\t\t\t<\/p>\n\t\t\t\t\t\t\t\t\t\t\t\t\t\t\t\t\t<\/div>\n\t\t\t\t\t\t\t\t<div class=\"recent-post-info blog-content\">\n\t\t\t\t\t\t\t\t\t<a class=\"recent-post-title\" href=\"https:\/\/bednarmilan.cz\/en\/2026\/04\/20\/cena-nf-vse-za-nejlepsi-publikaci-v-oblasti-spolecenskeho-impaktu-aplikovaneho-a-smluvniho-vyzkumu\/\">Cena NF V\u0160E za nejlep\u0161\u00ed publikaci v oblasti spole\u010densk\u00e9ho impaktu aplikovan\u00e9ho a smluvn\u00edho v\u00fdzkumu<\/a>\n\t\t\t\t\t\t\t\t\t<p>Minul\u00fd t\u00fdden jsem m\u011bl tu \u010dest p\u0159evz\u00edt Cenu N\u00e1rodohospod\u00e1\u0159sk\u00e9 fakulty V\u0160E za nejlep\u0161\u00ed publikaci v [&hellip;]<\/p>\n\n\t\t\t\t\t\t\t\t\t<div class=\"blog-bottom clearfix\">\n\t\t\t\t\t\t\t\t\t\t<div class=\"button-small\"><a href=\"https:\/\/bednarmilan.cz\/en\/2026\/04\/20\/cena-nf-vse-za-nejlepsi-publikaci-v-oblasti-spolecenskeho-impaktu-aplikovaneho-a-smluvniho-vyzkumu\/\">Read More..<\/a><\/div>\n\t\t\t\t\t\t\t\t\t\t\t\t\t\t\t\t\t\t\t<\/div>\n\t\t\t\t\t\t\t\t<\/div>\n\t\t\t\t\t\t\t<\/div>\n\t\t\t\t\t\t<\/div>\n\t\t\t\t\t<\/div>\n\t\t\t\t\t\t\t\t\t\t<div class=\"recent-post mb-30 col-lg-3 col-md-6 col-sm-6 col-xx-12 col-xs-6 \">\n\t\t\t\t\t\t<div class=\"blog-block \n\t\t\t\t\t\t\t\t\t\t\t\t\t\">\n\t\t\t\t\t\t\t<div class=\"blog-image recent-post-image\">\n\t\t\t\t\t\t\t\t<img loading=\"lazy\" decoding=\"async\" width=\"460\" height=\"280\" src=\"https:\/\/bednarmilan.cz\/wp-content\/uploads\/2025\/09\/obrgd.jpg\" class=\"attachment-sam-martin-post-thumbnails size-sam-martin-post-thumbnails wp-post-image\" alt=\"\" srcset=\"https:\/\/bednarmilan.cz\/wp-content\/uploads\/2025\/09\/obrgd.jpg 460w, https:\/\/bednarmilan.cz\/wp-content\/uploads\/2025\/09\/obrgd-300x183.jpg 300w, https:\/\/bednarmilan.cz\/wp-content\/uploads\/2025\/09\/obrgd-18x12.jpg 18w\" sizes=\"auto, (max-width: 460px) 100vw, 460px\" \/>\t\t\t\t\t\t\t\t\t\t\t\t\t\t\t\t<div class=\"blog-date\"><span>Sep, 18<\/span><\/div>\n\t\t\t\t\t\t\t\t\t\t\t\t\t\t\t<\/div>\n\t\t\t\t\t\t\t<div class=\"blog-info\">\n\t\t\t\t\t\t\t\t<div class=\"blog-meta\">\n\t\t\t\t\t\t\t\t\t<p>\n\t\t\t\t\t\t\t\t\t\t<span class=\"ti-comment-alt\"><\/span>\n\t\t\t\t\t\t\t\t\t\t<a href=\"https:\/\/bednarmilan.cz\/en\/2025\/09\/18\/ne-green-dealu-zlevnime-energie-koncept-reseni-pro-cr\/#comments\">\n\t\t\t\t\t\t\t\t\t\t\t0\t\t\t\t\t\t\t\t\t\t<\/a>\n\t\t\t\t\t\t\t\t\t<\/p>\n\t\t\t\t\t\t\t\t\t<p><span class=\"ti-user\"><\/span><a href=\"https:\/\/bednarmilan.cz\/en\/author\/milan_bednar\/\" title=\"Posts by Milan Bedn\u00e1\u0159\" rel=\"author\">Milan Bedn\u00e1\u0159<\/a><\/p>\n\t\t\t\t\t\t\t\t\t\t\t\t\t\t\t\t\t\t<p><span class=\"ti-folder\"><\/span> \n\t\t\t\t\t\t\t\t\t\t\t\t\t\t\t\t\t\t\t\t\t<a href=\"https:\/\/bednarmilan.cz\/en\/category\/nezarazene\/\">\n\t\t\t\t\t\t\t\t\t\t\t\tNeza\u0159azen\u00e9\t\t\t\t\t\t\t\t\t\t\t<\/a>\n\t\t\t\t\t\t\t\t\t\t\t\t\t\t\t\t\t\t\t\t<\/p>\n\t\t\t\t\t\t\t\t\t\t\t\t\t\t\t\t\t<\/div>\n\t\t\t\t\t\t\t\t<div class=\"recent-post-info blog-content\">\n\t\t\t\t\t\t\t\t\t<a class=\"recent-post-title\" href=\"https:\/\/bednarmilan.cz\/en\/2025\/09\/18\/ne-green-dealu-zlevnime-energie-koncept-reseni-pro-cr\/\">NE Green Dealu! Zlevn\u00edme energie \u2013 KONCEPT \u0158E\u0160EN\u00cd PRO \u010cR<\/a>\n\t\t\t\t\t\t\t\t\t<p>V ekonomick\u00e9m t\u00fdmu Katedry hospod\u00e1\u0159sk\u00e9 a soci\u00e1ln\u00ed politiky N\u00e1rodohospod\u00e1\u0159sk\u00e9 fakulty V\u0160E v Praze ve spolupr\u00e1ci [&hellip;]<\/p>\n\n\t\t\t\t\t\t\t\t\t<div class=\"blog-bottom clearfix\">\n\t\t\t\t\t\t\t\t\t\t<div class=\"button-small\"><a href=\"https:\/\/bednarmilan.cz\/en\/2025\/09\/18\/ne-green-dealu-zlevnime-energie-koncept-reseni-pro-cr\/\">Read More..<\/a><\/div>\n\t\t\t\t\t\t\t\t\t\t\t\t\t\t\t\t\t\t\t<\/div>\n\t\t\t\t\t\t\t\t<\/div>\n\t\t\t\t\t\t\t<\/div>\n\t\t\t\t\t\t<\/div>\n\t\t\t\t\t<\/div>\n\t\t\t\t\t\t\t\t\t\t<div class=\"recent-post mb-30 col-lg-3 col-md-6 col-sm-6 col-xx-12 col-xs-6 \">\n\t\t\t\t\t\t<div class=\"blog-block \n\t\t\t\t\t\t\t\t\t\t\t\t\t\">\n\t\t\t\t\t\t\t<div class=\"blog-image recent-post-image\">\n\t\t\t\t\t\t\t\t<img loading=\"lazy\" decoding=\"async\" width=\"250\" height=\"333\" src=\"https:\/\/bednarmilan.cz\/wp-content\/uploads\/2023\/11\/cena_rektora_cover-250x333.jpg\" class=\"attachment-sam-martin-post-thumbnails size-sam-martin-post-thumbnails wp-post-image\" alt=\"\" srcset=\"https:\/\/bednarmilan.cz\/wp-content\/uploads\/2023\/11\/cena_rektora_cover-250x333.jpg 250w, https:\/\/bednarmilan.cz\/wp-content\/uploads\/2023\/11\/cena_rektora_cover-225x300.jpg 225w, https:\/\/bednarmilan.cz\/wp-content\/uploads\/2023\/11\/cena_rektora_cover-768x1024.jpg 768w, https:\/\/bednarmilan.cz\/wp-content\/uploads\/2023\/11\/cena_rektora_cover-1152x1536.jpg 1152w, https:\/\/bednarmilan.cz\/wp-content\/uploads\/2023\/11\/cena_rektora_cover-9x12.jpg 9w, https:\/\/bednarmilan.cz\/wp-content\/uploads\/2023\/11\/cena_rektora_cover-368x490.jpg 368w, https:\/\/bednarmilan.cz\/wp-content\/uploads\/2023\/11\/cena_rektora_cover-278x370.jpg 278w, https:\/\/bednarmilan.cz\/wp-content\/uploads\/2023\/11\/cena_rektora_cover-675x900.jpg 675w, https:\/\/bednarmilan.cz\/wp-content\/uploads\/2023\/11\/cena_rektora_cover-e1700768415844.jpg 500w\" sizes=\"auto, (max-width: 250px) 100vw, 250px\" \/>\t\t\t\t\t\t\t\t\t\t\t\t\t\t\t\t<div class=\"blog-date\"><span>Nov, 23<\/span><\/div>\n\t\t\t\t\t\t\t\t\t\t\t\t\t\t\t<\/div>\n\t\t\t\t\t\t\t<div class=\"blog-info\">\n\t\t\t\t\t\t\t\t<div class=\"blog-meta\">\n\t\t\t\t\t\t\t\t\t<p>\n\t\t\t\t\t\t\t\t\t\t<span class=\"ti-comment-alt\"><\/span>\n\t\t\t\t\t\t\t\t\t\t<a href=\"https:\/\/bednarmilan.cz\/en\/2023\/11\/23\/ziskal-jsem-cenu-rektora-vse-za-prestizni-publikaci-2023\/#comments\">\n\t\t\t\t\t\t\t\t\t\t\t0\t\t\t\t\t\t\t\t\t\t<\/a>\n\t\t\t\t\t\t\t\t\t<\/p>\n\t\t\t\t\t\t\t\t\t<p><span class=\"ti-user\"><\/span><a href=\"https:\/\/bednarmilan.cz\/en\/author\/milan_bednar\/\" title=\"Posts by Milan Bedn\u00e1\u0159\" rel=\"author\">Milan Bedn\u00e1\u0159<\/a><\/p>\n\t\t\t\t\t\t\t\t\t\t\t\t\t\t\t\t\t\t<p><span class=\"ti-folder\"><\/span> \n\t\t\t\t\t\t\t\t\t\t\t\t\t\t\t\t\t\t\t\t\t<a href=\"https:\/\/bednarmilan.cz\/en\/category\/nezarazene\/\">\n\t\t\t\t\t\t\t\t\t\t\t\tNeza\u0159azen\u00e9\t\t\t\t\t\t\t\t\t\t\t<\/a>\n\t\t\t\t\t\t\t\t\t\t\t\t\t\t\t\t\t\t\t\t<\/p>\n\t\t\t\t\t\t\t\t\t\t\t\t\t\t\t\t\t<\/div>\n\t\t\t\t\t\t\t\t<div class=\"recent-post-info blog-content\">\n\t\t\t\t\t\t\t\t\t<a class=\"recent-post-title\" href=\"https:\/\/bednarmilan.cz\/en\/2023\/11\/23\/ziskal-jsem-cenu-rektora-vse-za-prestizni-publikaci-2023\/\">Z\u00edskal jsem Cenu rektora V\u0160E za presti\u017en\u00ed publikaci 2023<\/a>\n\t\t\t\t\t\t\t\t\t<p>21. listopadu 2023 mi byla p\u0159ed\u00e1na Cena rektora Vysok\u00e9 \u0161koly ekonomick\u00e9 v Praze za presti\u017en\u00ed [&hellip;]<\/p>\n\n\t\t\t\t\t\t\t\t\t<div class=\"blog-bottom clearfix\">\n\t\t\t\t\t\t\t\t\t\t<div class=\"button-small\"><a href=\"https:\/\/bednarmilan.cz\/en\/2023\/11\/23\/ziskal-jsem-cenu-rektora-vse-za-prestizni-publikaci-2023\/\">Read More..<\/a><\/div>\n\t\t\t\t\t\t\t\t\t\t\t\t\t\t\t\t\t\t\t<\/div>\n\t\t\t\t\t\t\t\t<\/div>\n\t\t\t\t\t\t\t<\/div>\n\t\t\t\t\t\t<\/div>\n\t\t\t\t\t<\/div>\n\t\t\t\t\t\t\t\t\t\t<div class=\"recent-post mb-30 col-lg-3 col-md-6 col-sm-6 col-xx-12 col-xs-6 \">\n\t\t\t\t\t\t<div class=\"blog-block \n\t\t\t\t\t\t\t\t\t\t\t\t\t\">\n\t\t\t\t\t\t\t<div class=\"blog-image recent-post-image\">\n\t\t\t\t\t\t\t\t<img loading=\"lazy\" decoding=\"async\" width=\"250\" height=\"333\" src=\"https:\/\/bednarmilan.cz\/wp-content\/uploads\/2023\/11\/1_h-1-250x333.jpg\" class=\"attachment-sam-martin-post-thumbnails size-sam-martin-post-thumbnails wp-post-image\" alt=\"\" srcset=\"https:\/\/bednarmilan.cz\/wp-content\/uploads\/2023\/11\/1_h-1-250x333.jpg 250w, https:\/\/bednarmilan.cz\/wp-content\/uploads\/2023\/11\/1_h-1-225x300.jpg 225w, https:\/\/bednarmilan.cz\/wp-content\/uploads\/2023\/11\/1_h-1-768x1024.jpg 768w, https:\/\/bednarmilan.cz\/wp-content\/uploads\/2023\/11\/1_h-1-1152x1536.jpg 1152w, https:\/\/bednarmilan.cz\/wp-content\/uploads\/2023\/11\/1_h-1-9x12.jpg 9w, https:\/\/bednarmilan.cz\/wp-content\/uploads\/2023\/11\/1_h-1-368x490.jpg 368w, https:\/\/bednarmilan.cz\/wp-content\/uploads\/2023\/11\/1_h-1-278x370.jpg 278w, https:\/\/bednarmilan.cz\/wp-content\/uploads\/2023\/11\/1_h-1-675x900.jpg 675w, https:\/\/bednarmilan.cz\/wp-content\/uploads\/2023\/11\/1_h-1-e1700314778575.jpg 500w\" sizes=\"auto, (max-width: 250px) 100vw, 250px\" \/>\t\t\t\t\t\t\t\t\t\t\t\t\t\t\t\t<div class=\"blog-date\"><span>Nov, 18<\/span><\/div>\n\t\t\t\t\t\t\t\t\t\t\t\t\t\t\t<\/div>\n\t\t\t\t\t\t\t<div class=\"blog-info\">\n\t\t\t\t\t\t\t\t<div class=\"blog-meta\">\n\t\t\t\t\t\t\t\t\t<p>\n\t\t\t\t\t\t\t\t\t\t<span class=\"ti-comment-alt\"><\/span>\n\t\t\t\t\t\t\t\t\t\t<a href=\"https:\/\/bednarmilan.cz\/en\/2023\/11\/18\/ziskal-jsem-cenu-josefa-hlavky-2023\/#comments\">\n\t\t\t\t\t\t\t\t\t\t\t0\t\t\t\t\t\t\t\t\t\t<\/a>\n\t\t\t\t\t\t\t\t\t<\/p>\n\t\t\t\t\t\t\t\t\t<p><span class=\"ti-user\"><\/span><a href=\"https:\/\/bednarmilan.cz\/en\/author\/milan_bednar\/\" title=\"Posts by Milan Bedn\u00e1\u0159\" rel=\"author\">Milan Bedn\u00e1\u0159<\/a><\/p>\n\t\t\t\t\t\t\t\t\t\t\t\t\t\t\t\t\t\t<p><span class=\"ti-folder\"><\/span> \n\t\t\t\t\t\t\t\t\t\t\t\t\t\t\t\t\t\t\t\t\t<a href=\"https:\/\/bednarmilan.cz\/en\/category\/nezarazene\/\">\n\t\t\t\t\t\t\t\t\t\t\t\tNeza\u0159azen\u00e9\t\t\t\t\t\t\t\t\t\t\t<\/a>\n\t\t\t\t\t\t\t\t\t\t\t\t\t\t\t\t\t\t\t\t<\/p>\n\t\t\t\t\t\t\t\t\t\t\t\t\t\t\t\t\t<\/div>\n\t\t\t\t\t\t\t\t<div class=\"recent-post-info blog-content\">\n\t\t\t\t\t\t\t\t\t<a class=\"recent-post-title\" href=\"https:\/\/bednarmilan.cz\/en\/2023\/11\/18\/ziskal-jsem-cenu-josefa-hlavky-2023\/\">Z\u00edskal jsem Cenu Josefa Hl\u00e1vky 2023<\/a>\n\t\t\t\t\t\t\t\t\t<p>Bylo mi ct\u00ed, \u017ee jsem 16. listopadu 2023 mohl p\u0159evz\u00edt Cenu Josefa Hl\u00e1vky, kter\u00e1 je [&hellip;]<\/p>\n\n\t\t\t\t\t\t\t\t\t<div class=\"blog-bottom clearfix\">\n\t\t\t\t\t\t\t\t\t\t<div class=\"button-small\"><a href=\"https:\/\/bednarmilan.cz\/en\/2023\/11\/18\/ziskal-jsem-cenu-josefa-hlavky-2023\/\">Read More..<\/a><\/div>\n\t\t\t\t\t\t\t\t\t\t\t\t\t\t\t\t\t\t\t<\/div>\n\t\t\t\t\t\t\t\t<\/div>\n\t\t\t\t\t\t\t<\/div>\n\t\t\t\t\t\t<\/div>\n\t\t\t\t\t<\/div>\n\t\t\t\t\t\t\t\t\t<\/div>\n\t\t\t\t\t<\/div>\n\t\t\n\t<div class=\"wpb_text_column wpb_content_element \" >\n\t\t<div class=\"wpb_wrapper\">\n\t\t\t<h3><strong>Archiv hlavn\u00edch \u010dl\u00e1nk\u016f je dostupn\u00fd <a href=\"\/blog\/\" target=\"_blank\" rel=\"noopener\">zde<\/a>.<\/strong><\/h3>\n\n\t\t<\/div>\n\t<\/div>\n<\/div><\/div><\/div><\/div><div id=\"media\" class=\"vc_row wpb_row vc_row-fluid vc_custom_1683539696814\"><div class=\"wpb_column vc_column_container vc_col-sm-12\"><div class=\"vc_column-inner\"><div class=\"wpb_wrapper\">\n\t<div class=\"section-title\">\n\t\t<div class=\"section-title-name\">\n\t\t\t<span>Ve\u0159ejn\u00e1 vystoupen\u00ed<\/span>\n\t\t\t<h2>Vystoupen\u00ed v m\u00e9di\u00edch<\/h2>\n\t\t<\/div>\t\n\t\t<div class=\"title-name-gray\"><strong>Vystoupen\u00ed v m\u00e9di\u00edch<\/strong><\/div>\n\t<\/div>\n\t\t<ul class=\"pgs_list pgs_list_style_1\">\n\t\t\t\t\t<li>\n\t\t\t\t\t\t\t\t\t<i class=\"fas fa-compact-disc\"><\/i>\n\t\t\t\t\t<b>Televizn\u00ed vystoupen\u00ed:<\/b> (pozn\u00e1mka: n\u011bkter\u00e1 videa se bohu\u017eel p\u0159esunuj\u00ed a ji\u017e nejsou dostupn\u00e1.)\t\t\t<\/li>\n\t\t\t\t\t\t<li>\n\t\t\t\t\t\t\t\t\t<i class=\"fas fa-compact-disc\"><\/i>\n\t\t\t\t\t<strong><a href=\"https:\/\/cnn.iprima.cz\/porady\/co-na-to-vase-penezenka\/co-na-to-vase-penezenka-29-4-v-17-55-1\" target=\"_blank\">29. dubna 2026 \u2013 Co na to va\u0161e pen\u011b\u017eenka \u2013 CNN Prima News (odkaz)<\/a><\/strong>\t\t\t<\/li>\n\t\t\t\t\t\t<li>\n\t\t\t\t\t\t\t\t\t<i class=\"fas fa-compact-disc\"><\/i>\n\t\t\t\t\t<strong><a href=\"https:\/\/xtv.cz\/x-talk\/co-bude-s-cenami-benzinu-nevime-v-polsku-plati-dvakrat-prisnejsi-opatreni-bez-odpusteni-plateb-za-poze-by-inflace-cinila-tri-procenta-milan-bednar\" target=\"_blank\">24. dubna 2026 \u2013 XTV \u2013 Rozhovor (odkaz)<\/a><\/strong>\t\t\t<\/li>\n\t\t\t\t\t\t<li>\n\t\t\t\t\t\t\t\t\t<i class=\"fas fa-compact-disc\"><\/i>\n\t\t\t\t\t<strong><a href=\"https:\/\/cnn.iprima.cz\/porady\/co-na-to-vase-penezenka\/co-na-to-vase-penezenka-16-4-v-17-55-1\" target=\"_blank\">16. dubna 2026 \u2013 Co na to va\u0161e pen\u011b\u017eenka \u2013 CNN Prima News (odkaz)<\/a><\/strong>\t\t\t<\/li>\n\t\t\t\t\t\t<li>\n\t\t\t\t\t\t\t\t\t<i class=\"fas fa-compact-disc\"><\/i>\n\t\t\t\t\t<strong><a href=\"https:\/\/cnn.iprima.cz\/porady\/360deg\/360-26-63\" target=\"_blank\">14. dubna 2026 \u2013 360\u00b0 \u2013 CNN Prima News (odkaz)<\/a><\/strong>\t\t\t<\/li>\n\t\t\t\t\t\t<li>\n\t\t\t\t\t\t\t\t\t<i class=\"fas fa-compact-disc\"><\/i>\n\t\t\t\t\t<strong><a href=\"https:\/\/cnn.iprima.cz\/porady\/co-na-to-vase-penezenka\/co-na-to-vase-penezenka-8-4-v-17-55-1\" target=\"_blank\">8. dubna 2026 \u2013 Co na to va\u0161e pen\u011b\u017eenka \u2013 CNN Prima News (odkaz)<\/a><\/strong>\t\t\t<\/li>\n\t\t\t\t\t\t<li>\n\t\t\t\t\t\t\t\t\t<i class=\"fas fa-compact-disc\"><\/i>\n\t\t\t\t\t<strong><a href=\"https:\/\/cnn.iprima.cz\/porady\/co-na-to-vase-penezenka\/co-na-to-vase-penezenka-2-4-v-17-55-1\" target=\"_blank\">2. dubna 2026 \u2013 Co na to va\u0161e pen\u011b\u017eenka \u2013 CNN Prima News (odkaz)<\/a><\/strong>\t\t\t<\/li>\n\t\t\t\t\t\t<li>\n\t\t\t\t\t\t\t\t\t<i class=\"fas fa-compact-disc\"><\/i>\n\t\t\t\t\t<strong><a href=\"https:\/\/cnn.iprima.cz\/porady\/co-na-to-vase-penezenka\/co-na-to-vase-penezenka-20-3-v-17-55-1\" target=\"_blank\">20. b\u0159ezna 2026 \u2013 Co na to va\u0161e pen\u011b\u017eenka \u2013 CNN Prima News (odkaz)<\/a><\/strong>\t\t\t<\/li>\n\t\t\t\t\t\t<li>\n\t\t\t\t\t\t\t\t\t<i class=\"fas fa-compact-disc\"><\/i>\n\t\t\t\t\t<strong><a href=\"https:\/\/cnn.iprima.cz\/porady\/partie\/partie-terezie-tomankove-15-3-v-13-00\" target=\"_blank\">15. b\u0159ezna 2026 \u2013 Partie Terezie Tom\u00e1nkov\u00e9 \u2013 CNN Prima News (odkaz)<\/a><\/strong>\t\t\t<\/li>\n\t\t\t\t\t\t<li>\n\t\t\t\t\t\t\t\t\t<i class=\"fas fa-compact-disc\"><\/i>\n\t\t\t\t\t<strong><a href=\"https:\/\/cnn.iprima.cz\/porady\/360deg\/360-3-3-v-21-59-1\" target=\"_blank\">3. b\u0159ezna 2026 \u2013 360\u00b0 \u2013 CNN Prima News (odkaz)<\/a><\/strong>\t\t\t<\/li>\n\t\t\t\t\t\t<li>\n\t\t\t\t\t\t\t\t\t<i class=\"fas fa-compact-disc\"><\/i>\n\t\t\t\t\t<strong><a href=\"https:\/\/cnn.iprima.cz\/porady\/partie\/partie-terezie-tomankove-22-2-v-13-00\" target=\"_blank\">22. \u00fanora 2026 \u2013 Partie Terezie Tom\u00e1nkov\u00e9 \u2013 CNN Prima News (odkaz)<\/a><\/strong>\t\t\t<\/li>\n\t\t\t\t\t\t<li>\n\t\t\t\t\t\t\t\t\t<i class=\"fas fa-compact-disc\"><\/i>\n\t\t\t\t\t<strong><a href=\"https:\/\/www.ceskatelevize.cz\/porady\/11412378947-90-ct24\/226411058130220\/\" target=\"_blank\">20. \u00fanora 2026 \u2013 90\u2032 \u010cT24 \u2013 \u010cesk\u00e1 televize (odkaz)<\/a><\/strong>\t\t\t<\/li>\n\t\t\t\t\t\t<li>\n\t\t\t\t\t\t\t\t\t<i class=\"fas fa-compact-disc\"><\/i>\n\t\t\t\t\t<strong><a href=\"https:\/\/cnn.iprima.cz\/porady\/hlavni-zpravy\/hlavni-zpravy-18-2-v-18-55-1\" target=\"_blank\">18. \u00fanora 2026 \u2013 Hlavn\u00ed zpr\u00e1vy \u2013 CNN Prima News (odkaz)<\/a><\/strong>\t\t\t<\/li>\n\t\t\t\t\t\t<li>\n\t\t\t\t\t\t\t\t\t<i class=\"fas fa-compact-disc\"><\/i>\n\t\t\t\t\t<strong><a href=\"https:\/\/cnn.iprima.cz\/porady\/360deg\/360-17-2-v-21-59\" target=\"_blank\">17. \u00fanora 2026 \u2013 360\u00b0 \u2013 CNN Prima News (odkaz)<\/a><\/strong>\t\t\t<\/li>\n\t\t\t\t\t\t<li>\n\t\t\t\t\t\t\t\t\t<i class=\"fas fa-compact-disc\"><\/i>\n\t\t\t\t\t<strong><a href=\"https:\/\/cnn.iprima.cz\/porady\/co-na-to-vase-penezenka\/co-na-to-vase-penezenka-13-2-v-17-55-1\" target=\"_blank\">13. \u00fanora 2026 \u2013 Co na to va\u0161e pen\u011b\u017eenka \u2013 CNN Prima News (odkaz)<\/a><\/strong>\t\t\t<\/li>\n\t\t\t\t\t\t<li>\n\t\t\t\t\t\t\t\t\t<i class=\"fas fa-compact-disc\"><\/i>\n\t\t\t\t\t<strong><a href=\"https:\/\/cnn.iprima.cz\/porady\/360deg\/360-26-1-v-22-00\" target=\"_blank\">26. ledna 2026 \u2013 360\u00b0 \u2013 CNN Prima News (odkaz)<\/a><\/strong>\t\t\t<\/li>\n\t\t\t\t\t\t<li>\n\t\t\t\t\t\t\t\t\t<i class=\"fas fa-compact-disc\"><\/i>\n\t\t\t\t\t<strong><a href=\"https:\/\/cnn.iprima.cz\/porady\/co-na-to-vase-penezenka\/co-na-to-vase-penezenka-19-1-v-17-55\" target=\"_blank\">19. ledna 2026 \u2013 Co na to va\u0161e pen\u011b\u017eenka \u2013 CNN Prima News (odkaz)<\/a><\/strong>\t\t\t<\/li>\n\t\t\t\t\t\t<li>\n\t\t\t\t\t\t\t\t\t<i class=\"fas fa-compact-disc\"><\/i>\n\t\t\t\t\t<strong><a href=\"https:\/\/cnn.iprima.cz\/porady\/co-na-to-vase-penezenka\/co-na-to-vase-penezenka-12-1-v-17-55\" target=\"_blank\">12. ledna 2026 \u2013 Co na to va\u0161e pen\u011b\u017eenka \u2013 CNN Prima News (odkaz)<\/a><\/strong>\t\t\t<\/li>\n\t\t\t\t\t\t<li>\n\t\t\t\t\t\t\t\t\t<i class=\"fas fa-compact-disc\"><\/i>\n\t\t\t\t\t<strong><a href=\"https:\/\/www.iprima.cz\/serialy\/360\/360-5\/5-360\" target=\"_blank\">5. ledna 2026 \u2013 360\u00b0 \u2013 CNN Prima News (odkaz)<\/a><\/strong>\t\t\t<\/li>\n\t\t\t\t\t\t<li>\n\t\t\t\t\t\t\t\t\t<i class=\"fas fa-compact-disc\"><\/i>\n\t\t\t\t\t<strong><a href=\"https:\/\/cnn.iprima.cz\/porady\/co-na-to-vase-penezenka\/co-na-to-vase-penezenka-10-12-v-17-55-1\" target=\"_blank\">10. prosince 2025 \u2013 Co na to va\u0161e pen\u011b\u017eenka \u2013 CNN Prima News (odkaz)<\/a><\/strong>\t\t\t<\/li>\n\t\t\t\t\t\t<li>\n\t\t\t\t\t\t\t\t\t<i class=\"fas fa-compact-disc\"><\/i>\n\t\t\t\t\t<strong><a href=\"https:\/\/xtv.cz\/x-talk\/provizorium-je-mensi-zlo-nez-navrzeny-rozpocet-vlada-zneuzila-vyjimku-na-obranu-jde-na-ni-20-miliard-z-dopravy-na-duchody-bude-jsou-to-povinne-vydaje-milan-bednar\" target=\"_blank\">27. listopadu 2025 \u2013 XTV \u2013 Rozhovor (odkaz)<\/a><\/strong>\t\t\t<\/li>\n\t\t\t\t\t\t<li>\n\t\t\t\t\t\t\t\t\t<i class=\"fas fa-compact-disc\"><\/i>\n\t\t\t\t\t<strong><a href=\"https:\/\/cnn.iprima.cz\/porady\/360deg\/360-25-11-v-21-59\" target=\"_blank\">25. listopadu 2025 \u2013 360\u00b0 \u2013 CNN Prima News (odkaz)<\/a><\/strong>\t\t\t<\/li>\n\t\t\t\t\t\t<li>\n\t\t\t\t\t\t\t\t\t<i class=\"fas fa-compact-disc\"><\/i>\n\t\t\t\t\t<strong><a href=\"https:\/\/cnn.iprima.cz\/porady\/k-veci\/k-veci-7-11-v-12-30-1\" target=\"_blank\">7. listopadu 2025 \u2013 K v\u011bci \u2013 CNN Prima News (odkaz)<\/a><\/strong>\t\t\t<\/li>\n\t\t\t\t\t\t<li>\n\t\t\t\t\t\t\t\t\t<i class=\"fas fa-compact-disc\"><\/i>\n\t\t\t\t\t<strong><a href=\"https:\/\/cnn.iprima.cz\/porady\/zpravy-plus\/zpravy-plus-3-11-v-11-30\" target=\"_blank\">3. listopadu 2025 \u2013 Speci\u00e1ln\u00ed vys\u00edl\u00e1n\u00ed CNN Prima NEWS \u2013 ustavuj\u00edc\u00ed sch\u016fze Poslaneck\u00e9 sn\u011bmovny (4) \u2013 CNN Prima News (odkaz)<\/a><\/strong>\t\t\t<\/li>\n\t\t\t\t\t\t<li>\n\t\t\t\t\t\t\t\t\t<i class=\"fas fa-compact-disc\"><\/i>\n\t\t\t\t\t<strong><a href=\"https:\/\/cnn.iprima.cz\/porady\/zpravy-plus\/zpravy-plus-3-11-v-10-30-1\" target=\"_blank\">3. listopadu 2025 \u2013 Speci\u00e1ln\u00ed vys\u00edl\u00e1n\u00ed CNN Prima NEWS \u2013 ustavuj\u00edc\u00ed sch\u016fze Poslaneck\u00e9 sn\u011bmovny (3) \u2013 CNN Prima News (odkaz)<\/a><\/strong>\t\t\t<\/li>\n\t\t\t\t\t\t<li>\n\t\t\t\t\t\t\t\t\t<i class=\"fas fa-compact-disc\"><\/i>\n\t\t\t\t\t<strong><a href=\"https:\/\/cnn.iprima.cz\/porady\/zpravy\/zpravy-3-11-v-10-00-1\" target=\"_blank\">3. listopadu 2025 \u2013 Speci\u00e1ln\u00ed vys\u00edl\u00e1n\u00ed CNN Prima NEWS \u2013 ustavuj\u00edc\u00ed sch\u016fze Poslaneck\u00e9 sn\u011bmovny (2) \u2013 CNN Prima News (odkaz)<\/a><\/strong>\t\t\t<\/li>\n\t\t\t\t\t\t<li>\n\t\t\t\t\t\t\t\t\t<i class=\"fas fa-compact-disc\"><\/i>\n\t\t\t\t\t<strong><a href=\"https:\/\/cnn.iprima.cz\/porady\/zpravy\/zpravy-3-11-v-09-00-1\" target=\"_blank\">3. listopadu 2025 \u2013 Speci\u00e1ln\u00ed vys\u00edl\u00e1n\u00ed CNN Prima NEWS \u2013 ustavuj\u00edc\u00ed sch\u016fze Poslaneck\u00e9 sn\u011bmovny (1) \u2013 CNN Prima News (odkaz)<\/a><\/strong>\t\t\t<\/li>\n\t\t\t\t\t\t<li>\n\t\t\t\t\t\t\t\t\t<i class=\"fas fa-compact-disc\"><\/i>\n\t\t\t\t\t<strong><a href=\"https:\/\/cnn.iprima.cz\/porady\/co-na-to-vase-penezenka\/co-na-to-vase-penezenka-27-10-v-17-55\" target=\"_blank\">27. \u0159\u00edjna 2025 \u2013 Co na to va\u0161e pen\u011b\u017eenka \u2013 CNN Prima News (odkaz)<\/a><\/strong>\t\t\t<\/li>\n\t\t\t\t\t\t<li>\n\t\t\t\t\t\t\t\t\t<i class=\"fas fa-compact-disc\"><\/i>\n\t\t\t\t\t<strong><a href=\"https:\/\/cnn.iprima.cz\/porady\/co-na-to-vase-penezenka\/co-na-to-vase-penezenka-10-10-v-17-55\" target=\"_blank\">10. \u0159\u00edjna 2025 \u2013 Co na to va\u0161e pen\u011b\u017eenka \u2013 CNN Prima News (odkaz)<\/a><\/strong>\t\t\t<\/li>\n\t\t\t\t\t\t<li>\n\t\t\t\t\t\t\t\t\t<i class=\"fas fa-compact-disc\"><\/i>\n\t\t\t\t\t<strong><a href=\"https:\/\/cnn.iprima.cz\/porady\/360deg\/360-9-10-v-22-00\" target=\"_blank\">9. \u0159\u00edjna 2025 \u2013 360\u00b0 \u2013 CNN Prima News (odkaz)<\/a><\/strong>\t\t\t<\/li>\n\t\t\t\t\t\t<li>\n\t\t\t\t\t\t\t\t\t<i class=\"fas fa-compact-disc\"><\/i>\n\t\t\t\t\t<strong><a href=\"https:\/\/cnn.iprima.cz\/porady\/k-veci\/k-veci-7-10-v-12-30\" target=\"_blank\">7. \u0159\u00edjna 2025 \u2013 K v\u011bci \u2013 CNN Prima News (odkaz)<\/a><\/strong>\t\t\t<\/li>\n\t\t\t\t\t\t<li>\n\t\t\t\t\t\t\t\t\t<i class=\"fas fa-compact-disc\"><\/i>\n\t\t\t\t\t<strong><a href=\"https:\/\/cnn.iprima.cz\/porady\/volby-do-poslanecke-snemovny-2025\/volby-do-poslanecke-snemovny-2025-volebni-special-360-4-10-v-22-00\" target=\"_blank\">4. \u0159\u00edjna 2025 \u2013 Volebn\u00ed speci\u00e1l \u2013 \u017div\u011b ze studia k v\u00fdsledk\u016fm voleb \u2013 CNN Prima News (odkaz)<\/a><\/strong>\t\t\t<\/li>\n\t\t\t\t\t\t<li>\n\t\t\t\t\t\t\t\t\t<i class=\"fas fa-compact-disc\"><\/i>\n\t\t\t\t\t<strong><a href=\"https:\/\/cnn.iprima.cz\/porady\/360deg\/360-1-10-v-22-00\" target=\"_blank\">1. \u0159\u00edjna 2025 \u2013 P\u0159edvolebn\u00ed superdebata \u2013 Superduel kandid\u00e1t\u016f na premi\u00e9ra \u2013 A. Babi\u0161 vs. P. Fiala \u2013 Koment\u00e1\u0159 ze studia \u2013 CNN Prima News (odkaz)<\/a><\/strong>\t\t\t<\/li>\n\t\t\t\t\t\t<li>\n\t\t\t\t\t\t\t\t\t<i class=\"fas fa-compact-disc\"><\/i>\n\t\t\t\t\t<strong><a href=\"https:\/\/cnn.iprima.cz\/porady\/co-na-to-vase-penezenka\/co-na-to-vase-penezenka-26-9-v-17-55\" target=\"_blank\">26. z\u00e1\u0159\u00ed 2025 \u2013 Co na to va\u0161e pen\u011b\u017eenka \u2013 CNN Prima News (odkaz)<\/a><\/strong>\t\t\t<\/li>\n\t\t\t\t\t\t<li>\n\t\t\t\t\t\t\t\t\t<i class=\"fas fa-compact-disc\"><\/i>\n\t\t\t\t\t<strong><a href=\"https:\/\/cnn.iprima.cz\/porady\/volby-do-poslanecke-snemovny-2025\/volby-do-poslanecke-snemovny-2025-17-9-v-23-00\" target=\"_blank\">17. z\u00e1\u0159\u00ed 2025 \u2013 P\u0159edvolebn\u00ed superdebata 360\u00b0 \u2013 Green Deal \u2013 Koment\u00e1\u0159 ze studia \u2013 CNN Prima News (odkaz)<\/a><\/strong>\t\t\t<\/li>\n\t\t\t\t\t\t<li>\n\t\t\t\t\t\t\t\t\t<i class=\"fas fa-compact-disc\"><\/i>\n\t\t\t\t\t<strong><a href=\"https:\/\/cnn.iprima.cz\/porady\/volby-do-poslanecke-snemovny-2025\/volby-do-poslanecke-snemovny-2025-3-9-v-23-00\" target=\"_blank\">3. z\u00e1\u0159\u00ed 2025 \u2013 P\u0159edvolebn\u00ed superdebata 360\u00b0 \u2013 Koment\u00e1\u0159 ze studia \u2013 CNN Prima News (odkaz)<\/a><\/strong>\t\t\t<\/li>\n\t\t\t\t\t\t<li>\n\t\t\t\t\t\t\t\t\t<i class=\"fas fa-compact-disc\"><\/i>\n\t\t\t\t\t<strong><a href=\"https:\/\/cnn.iprima.cz\/porady\/co-na-to-vase-penezenka\/co-na-to-vase-penezenka-1-9-v-17-55\" target=\"_blank\">1. z\u00e1\u0159\u00ed 2025 \u2013 Co na to va\u0161e pen\u011b\u017eenka \u2013 CNN Prima News (odkaz)<\/a><\/strong>\t\t\t<\/li>\n\t\t\t\t\t\t<li>\n\t\t\t\t\t\t\t\t\t<i class=\"fas fa-compact-disc\"><\/i>\n\t\t\t\t\t<strong><a href=\"https:\/\/www.iprima.cz\/serialy\/360\/3600-3\/237-360-25-8-v-21-59\" target=\"_blank\">26. srpna 2025 \u2013 360\u00b0 \u2013 CNN Prima News (odkaz)<\/a><\/strong>\t\t\t<\/li>\n\t\t\t\t\t\t<li>\n\t\t\t\t\t\t\t\t\t<i class=\"fas fa-compact-disc\"><\/i>\n\t\t\t\t\t<strong><a href=\"https:\/\/cnn.iprima.cz\/porady\/co-na-to-vase-penezenka\/co-na-to-vase-penezenka-20-8-v-17-55\" target=\"_blank\">20. srpna 2025 \u2013 Co na to va\u0161e pen\u011b\u017eenka \u2013 CNN Prima News (odkaz)<\/a><\/strong>\t\t\t<\/li>\n\t\t\t\t\t\t<li>\n\t\t\t\t\t\t\t\t\t<i class=\"fas fa-compact-disc\"><\/i>\n\t\t\t\t\t<strong><a href=\"https:\/\/www.iprima.cz\/serialy\/360\/3600-2\/198-360-17-7-v-22-00\" target=\"_blank\">17. \u010dervence 2025 \u2013 360\u00b0 \u2013 CNN Prima News (odkaz)<\/a><\/strong>\t\t\t<\/li>\n\t\t\t\t\t\t<li>\n\t\t\t\t\t\t\t\t\t<i class=\"fas fa-compact-disc\"><\/i>\n\t\t\t\t\t<strong><a href=\"https:\/\/www.iprima.cz\/serialy\/360\/3600-2\/190-360-9-7-v-22-00\" target=\"_blank\">9. \u010dervence 2025 \u2013 360\u00b0 \u2013 CNN Prima News (odkaz)<\/a><\/strong>\t\t\t<\/li>\n\t\t\t\t\t\t<li>\n\t\t\t\t\t\t\t\t\t<i class=\"fas fa-compact-disc\"><\/i>\n\t\t\t\t\t<strong><a href=\"https:\/\/cnn.iprima.cz\/porady\/co-na-to-vase-penezenka\/co-na-to-vase-penezenka-26-6-v-17-55\" target=\"_blank\">26. \u010dervna 2025 \u2013 Co na to va\u0161e pen\u011b\u017eenka \u2013 CNN Prima News (odkaz)<\/a><\/strong>\t\t\t<\/li>\n\t\t\t\t\t\t<li>\n\t\t\t\t\t\t\t\t\t<i class=\"fas fa-compact-disc\"><\/i>\n\t\t\t\t\t<strong><a href=\"https:\/\/cnn.iprima.cz\/porady\/360deg\/360-24-6-v-21-59\" target=\"_blank\">24. \u010dervna 2025 \u2013 360\u00b0 \u2013 CNN Prima News (odkaz)<\/a><\/strong>\t\t\t<\/li>\n\t\t\t\t\t\t<li>\n\t\t\t\t\t\t\t\t\t<i class=\"fas fa-compact-disc\"><\/i>\n\t\t\t\t\t<strong><a href=\"https:\/\/cnn.iprima.cz\/porady\/360deg\/360-27-5-v-21-59\" target=\"_blank\">27. kv\u011btna 2025 \u2013 360\u00b0 \u2013 CNN Prima News (odkaz)<\/a><\/strong>\t\t\t<\/li>\n\t\t\t\t\t\t<li>\n\t\t\t\t\t\t\t\t\t<i class=\"fas fa-compact-disc\"><\/i>\n\t\t\t\t\t<strong><a href=\"https:\/\/cnn.iprima.cz\/porady\/co-na-to-vase-penezenka\/co-na-to-vase-penezenka-21-5-v-17-55\" target=\"_blank\">21. kv\u011btna 2025 \u2013 Co na to va\u0161e pen\u011b\u017eenka \u2013 CNN Prima News (odkaz)<\/a><\/strong>\t\t\t<\/li>\n\t\t\t\t\t\t<li>\n\t\t\t\t\t\t\t\t\t<i class=\"fas fa-compact-disc\"><\/i>\n\t\t\t\t\t<strong><a href=\"https:\/\/www.iprima.cz\/serialy\/360\/3600-3\/119-360-29-4-v-21-59\" target=\"_blank\">29. dubna 2025 \u2013 360\u00b0 \u2013 CNN Prima News (odkaz)<\/a><\/strong>\t\t\t<\/li>\n\t\t\t\t\t\t<li>\n\t\t\t\t\t\t\t\t\t<i class=\"fas fa-compact-disc\"><\/i>\n\t\t\t\t\t<strong><a href=\"https:\/\/cnn.iprima.cz\/porady\/co-na-to-vase-penezenka\/co-na-to-vase-penezenka-25-4-v-17-55\" target=\"_blank\">25. dubna 2025 \u2013 Co na to va\u0161e pen\u011b\u017eenka \u2013 CNN Prima News (odkaz)<\/a><\/strong>\t\t\t<\/li>\n\t\t\t\t\t\t<li>\n\t\t\t\t\t\t\t\t\t<i class=\"fas fa-compact-disc\"><\/i>\n\t\t\t\t\t<strong><a href=\"https:\/\/www.iprima.cz\/serialy\/360\/3600-3\/104-360-14-4-v-21-59\" target=\"_blank\">14. dubna 2025 \u2013 360\u00b0 \u2013 CNN Prima News (odkaz)<\/a><\/strong>\t\t\t<\/li>\n\t\t\t\t\t\t<li>\n\t\t\t\t\t\t\t\t\t<i class=\"fas fa-compact-disc\"><\/i>\n\t\t\t\t\t<strong><a href=\"https:\/\/cnn.iprima.cz\/porady\/co-na-to-vase-penezenka\/co-na-to-vase-penezenka-7-4-v-17-55\" target=\"_blank\">7. dubna 2025 \u2013 Co na to va\u0161e pen\u011b\u017eenka \u2013 CNN Prima News (odkaz)<\/a><\/strong>\t\t\t<\/li>\n\t\t\t\t\t\t<li>\n\t\t\t\t\t\t\t\t\t<i class=\"fas fa-compact-disc\"><\/i>\n\t\t\t\t\t<strong><a href=\"https:\/\/cnn.iprima.cz\/porady\/co-na-to-vase-penezenka\/co-na-to-vase-penezenka-24-3-v-17-55\" target=\"_blank\">24. b\u0159ezna 2025 \u2013 Co na to va\u0161e pen\u011b\u017eenka \u2013 CNN Prima News (odkaz)<\/a><\/strong>\t\t\t<\/li>\n\t\t\t\t\t\t<li>\n\t\t\t\t\t\t\t\t\t<i class=\"fas fa-compact-disc\"><\/i>\n\t\t\t\t\t<strong><a href=\"https:\/\/cnn.iprima.cz\/porady\/co-na-to-vase-penezenka\/co-na-to-vase-penezenka-10-3-v-17-55\" target=\"_blank\">10. b\u0159ezna 2025 \u2013 Co na to va\u0161e pen\u011b\u017eenka \u2013 CNN Prima News (odkaz)<\/a><\/strong>\t\t\t<\/li>\n\t\t\t\t\t\t<li>\n\t\t\t\t\t\t\t\t\t<i class=\"fas fa-compact-disc\"><\/i>\n\t\t\t\t\t<strong><a href=\"https:\/\/cnn.iprima.cz\/porady\/co-na-to-vase-penezenka\/co-na-to-vase-penezenka-24-2-v-17-55\" target=\"_blank\">24. \u00fanora 2025 \u2013 Co na to va\u0161e pen\u011b\u017eenka \u2013 CNN Prima News (odkaz)<\/a><\/strong>\t\t\t<\/li>\n\t\t\t\t\t\t<li>\n\t\t\t\t\t\t\t\t\t<i class=\"fas fa-compact-disc\"><\/i>\n\t\t\t\t\t<strong><a href=\"https:\/\/www.iprima.cz\/serialy\/360\/3600-3\/38-360-7-2-v-21-59\" target=\"_blank\">7. \u00fanora 2025 \u2013 360\u00b0 \u2013 CNN Prima News (odkaz)<\/a><\/strong>\t\t\t<\/li>\n\t\t\t\t\t\t<li>\n\t\t\t\t\t\t\t\t\t<i class=\"fas fa-compact-disc\"><\/i>\n\t\t\t\t\t<strong><a href=\"https:\/\/cnn.iprima.cz\/porady\/co-na-to-vase-penezenka\/co-na-to-vase-penezenka-4-2-v-17-55\" target=\"_blank\">4. \u00fanora 2025 \u2013 Co na to va\u0161e pen\u011b\u017eenka \u2013 CNN Prima News (odkaz)<\/a><\/strong>\t\t\t<\/li>\n\t\t\t\t\t\t<li>\n\t\t\t\t\t\t\t\t\t<i class=\"fas fa-compact-disc\"><\/i>\n\t\t\t\t\t<strong><a href=\"https:\/\/cnn.iprima.cz\/porady\/co-na-to-vase-penezenka\/co-na-to-vase-penezenka-14-1-v-17-55\" target=\"_blank\">14. ledna 2025 \u2013 Co na to va\u0161e pen\u011b\u017eenka \u2013 CNN Prima News (odkaz)<\/a><\/strong>\t\t\t<\/li>\n\t\t\t\t\t\t<li>\n\t\t\t\t\t\t\t\t\t<i class=\"fas fa-compact-disc\"><\/i>\n\t\t\t\t\t<strong><a href=\"https:\/\/www.iprima.cz\/serialy\/360\/3600-2\/6-360-6-1-v-21-30\" target=\"_blank\">6. ledna 2025 \u2013 360\u00b0 \u2013 CNN Prima News (odkaz)<\/a><\/strong><br \/><b>Pokra\u010dov\u00e1n\u00ed: <\/b><a href=\"https:\/\/www.iprima.cz\/serialy\/360\/3600-3\/6-360-6-1-v-22-26\" target=\"_blank\">zde<\/a>.<br \/><b>Navazuj\u00edc\u00ed \u010dl\u00e1nek: <\/b><a href=\"https:\/\/cnn.iprima.cz\/hadka-ekonomu-muzeme-byt-mezi-nejlepsimi-na-svete-rekl-krecek-vratte-diplom-namitl-bednar-462342\" target=\"_blank\">zde<\/a>.\t\t\t<\/li>\n\t\t\t\t\t\t<li>\n\t\t\t\t\t\t\t\t\t<i class=\"fas fa-compact-disc\"><\/i>\n\t\t\t\t\t\u010cl\u00e1nky a n\u00e1zory publikovan\u00e9 v periodic\u00edch:\t\t\t<\/li>\n\t\t\t\t\t\t<li>\n\t\t\t\t\t\t\t\t\t<i class=\"fas fa-compact-disc\"><\/i>\n\t\t\t\t\t<strong><a href=\"https:\/\/www.lidovky.cz\/novinari\/milan-bednar.N5218\" target=\"_blank\"> Vybran\u00e9 \u010dl\u00e1nky v Lidov\u00fdch novin\u00e1ch<\/a><\/strong>\t\t\t<\/li>\n\t\t\t\t<\/ul>\n\t<div class=\"vc_empty_space\"   style=\"height: 40px\"><span class=\"vc_empty_space_inner\"><\/span><\/div>\n\t<div class=\"wpb_text_column wpb_content_element \" >\n\t\t<div class=\"wpb_wrapper\">\n\t\t\t<h3><strong>Archiv ve\u0159ejn\u00fdch vystoupen\u00ed je dostupn\u00fd <a href=\"\/archiv-verejnych-vystoupeni\" target=\"_blank\" rel=\"noopener\">zde<\/a>.<\/strong><\/h3>\n\n\t\t<\/div>\n\t<\/div>\n<\/div><\/div><\/div><\/div><div class=\"vc_row wpb_row vc_row-fluid\"><div class=\"wpb_column vc_column_container vc_col-sm-12\"><div class=\"vc_column-inner\"><div class=\"wpb_wrapper\"><div class=\"vc_empty_space\"   style=\"height: 80px\"><span class=\"vc_empty_space_inner\"><\/span><\/div><\/div><\/div><\/div><\/div>\n<\/section>","protected":false},"excerpt":{"rendered":"Bylo mi ct\u00ed, \u017ee jsem 16. listopadu 2023 mohl p\u0159evz\u00edt Cenu Josefa Hl\u00e1vky, kter\u00e1 je [...]","protected":false},"author":1,"featured_media":0,"parent":0,"menu_order":0,"comment_status":"closed","ping_status":"open","template":"template-parts\/front-page.php","meta":{"_exactmetrics_skip_tracking":false,"_exactmetrics_sitenote_active":false,"_exactmetrics_sitenote_note":"","_exactmetrics_sitenote_category":0,"footnotes":""},"class_list":["post-62","page","type-page","status-publish","hentry"],"acf":[],"yoast_head":"<!-- This site is optimized with the Yoast SEO plugin v27.5 - https:\/\/yoast.com\/product\/yoast-seo-wordpress\/ -->\n<title>Hlavn\u00ed str\u00e1nka - doc. Ing. Milan Bedn\u00e1\u0159, Ph.D.<\/title>\n<meta name=\"robots\" content=\"index, follow, max-snippet:-1, max-image-preview:large, max-video-preview:-1\" \/>\n<link rel=\"canonical\" href=\"https:\/\/bednarmilan.cz\/en\/\" \/>\n<meta property=\"og:locale\" content=\"en_GB\" \/>\n<meta property=\"og:type\" content=\"article\" \/>\n<meta property=\"og:title\" content=\"Hlavn\u00ed str\u00e1nka - doc. Ing. Milan Bedn\u00e1\u0159, Ph.D.\" \/>\n<meta property=\"og:url\" content=\"https:\/\/bednarmilan.cz\/en\/\" \/>\n<meta property=\"og:site_name\" content=\"doc. Ing. Milan Bedn\u00e1\u0159, Ph.D.\" \/>\n<meta property=\"article:modified_time\" content=\"2026-04-29T17:53:46+00:00\" \/>\n<meta name=\"twitter:card\" content=\"summary_large_image\" \/>\n<meta name=\"twitter:label1\" content=\"Estimated reading time\" \/>\n\t<meta name=\"twitter:data1\" content=\"4 minutes\" \/>\n<script type=\"application\/ld+json\" class=\"yoast-schema-graph\">{\"@context\":\"https:\\\/\\\/schema.org\",\"@graph\":[{\"@type\":\"WebPage\",\"@id\":\"https:\\\/\\\/bednarmilan.cz\\\/\",\"url\":\"https:\\\/\\\/bednarmilan.cz\\\/\",\"name\":\"Hlavn\u00ed str\u00e1nka - doc. Ing. Milan Bedn\u00e1\u0159, Ph.D.\",\"isPartOf\":{\"@id\":\"https:\\\/\\\/bednarmilan.cz\\\/en\\\/#website\"},\"datePublished\":\"2016-08-09T04:41:09+00:00\",\"dateModified\":\"2026-04-29T17:53:46+00:00\",\"breadcrumb\":{\"@id\":\"https:\\\/\\\/bednarmilan.cz\\\/#breadcrumb\"},\"inLanguage\":\"en-GB\",\"potentialAction\":[{\"@type\":\"ReadAction\",\"target\":[\"https:\\\/\\\/bednarmilan.cz\\\/\"]}]},{\"@type\":\"BreadcrumbList\",\"@id\":\"https:\\\/\\\/bednarmilan.cz\\\/#breadcrumb\",\"itemListElement\":[{\"@type\":\"ListItem\",\"position\":1,\"name\":\"Dom\u016f\",\"item\":\"https:\\\/\\\/bednarmilan.cz\\\/\"},{\"@type\":\"ListItem\",\"position\":2,\"name\":\"Hlavn\u00ed str\u00e1nka\"}]},{\"@type\":\"WebSite\",\"@id\":\"https:\\\/\\\/bednarmilan.cz\\\/en\\\/#website\",\"url\":\"https:\\\/\\\/bednarmilan.cz\\\/en\\\/\",\"name\":\"doc. Ing. Milan Bedn\u00e1\u0159, Ph.D.\",\"description\":\"\",\"publisher\":{\"@id\":\"https:\\\/\\\/bednarmilan.cz\\\/en\\\/#\\\/schema\\\/person\\\/4414fdceba4a6e05157f1e84a6ef0630\"},\"potentialAction\":[{\"@type\":\"SearchAction\",\"target\":{\"@type\":\"EntryPoint\",\"urlTemplate\":\"https:\\\/\\\/bednarmilan.cz\\\/en\\\/?s={search_term_string}\"},\"query-input\":{\"@type\":\"PropertyValueSpecification\",\"valueRequired\":true,\"valueName\":\"search_term_string\"}}],\"inLanguage\":\"en-GB\"},{\"@type\":[\"Person\",\"Organization\"],\"@id\":\"https:\\\/\\\/bednarmilan.cz\\\/en\\\/#\\\/schema\\\/person\\\/4414fdceba4a6e05157f1e84a6ef0630\",\"name\":\"Milan Bedn\u00e1\u0159\",\"image\":{\"@type\":\"ImageObject\",\"inLanguage\":\"en-GB\",\"@id\":\"https:\\\/\\\/secure.gravatar.com\\\/avatar\\\/91880e7158b9968ad752b25fd2f3d85691559794a2b5077307de658ed6ac26fe?s=96&d=mm&r=g\",\"url\":\"https:\\\/\\\/secure.gravatar.com\\\/avatar\\\/91880e7158b9968ad752b25fd2f3d85691559794a2b5077307de658ed6ac26fe?s=96&d=mm&r=g\",\"contentUrl\":\"https:\\\/\\\/secure.gravatar.com\\\/avatar\\\/91880e7158b9968ad752b25fd2f3d85691559794a2b5077307de658ed6ac26fe?s=96&d=mm&r=g\",\"caption\":\"Milan Bedn\u00e1\u0159\"},\"logo\":{\"@id\":\"https:\\\/\\\/secure.gravatar.com\\\/avatar\\\/91880e7158b9968ad752b25fd2f3d85691559794a2b5077307de658ed6ac26fe?s=96&d=mm&r=g\"}}]}<\/script>\n<!-- \/ Yoast SEO plugin. -->","yoast_head_json":{"title":"Hlavn\u00ed str\u00e1nka - doc. Ing. Milan Bedn\u00e1\u0159, Ph.D.","robots":{"index":"index","follow":"follow","max-snippet":"max-snippet:-1","max-image-preview":"max-image-preview:large","max-video-preview":"max-video-preview:-1"},"canonical":"https:\/\/bednarmilan.cz\/en\/","og_locale":"en_GB","og_type":"article","og_title":"Hlavn\u00ed str\u00e1nka - doc. Ing. Milan Bedn\u00e1\u0159, Ph.D.","og_url":"https:\/\/bednarmilan.cz\/en\/","og_site_name":"doc. Ing. Milan Bedn\u00e1\u0159, Ph.D.","article_modified_time":"2026-04-29T17:53:46+00:00","twitter_card":"summary_large_image","twitter_misc":{"Estimated reading time":"4 minutes"},"schema":{"@context":"https:\/\/schema.org","@graph":[{"@type":"WebPage","@id":"https:\/\/bednarmilan.cz\/","url":"https:\/\/bednarmilan.cz\/","name":"Hlavn\u00ed str\u00e1nka - doc. Ing. Milan Bedn\u00e1\u0159, Ph.D.","isPartOf":{"@id":"https:\/\/bednarmilan.cz\/en\/#website"},"datePublished":"2016-08-09T04:41:09+00:00","dateModified":"2026-04-29T17:53:46+00:00","breadcrumb":{"@id":"https:\/\/bednarmilan.cz\/#breadcrumb"},"inLanguage":"en-GB","potentialAction":[{"@type":"ReadAction","target":["https:\/\/bednarmilan.cz\/"]}]},{"@type":"BreadcrumbList","@id":"https:\/\/bednarmilan.cz\/#breadcrumb","itemListElement":[{"@type":"ListItem","position":1,"name":"Dom\u016f","item":"https:\/\/bednarmilan.cz\/"},{"@type":"ListItem","position":2,"name":"Hlavn\u00ed str\u00e1nka"}]},{"@type":"WebSite","@id":"https:\/\/bednarmilan.cz\/en\/#website","url":"https:\/\/bednarmilan.cz\/en\/","name":"doc. Ing. Milan Bedn\u00e1\u0159, Ph.D.","description":"","publisher":{"@id":"https:\/\/bednarmilan.cz\/en\/#\/schema\/person\/4414fdceba4a6e05157f1e84a6ef0630"},"potentialAction":[{"@type":"SearchAction","target":{"@type":"EntryPoint","urlTemplate":"https:\/\/bednarmilan.cz\/en\/?s={search_term_string}"},"query-input":{"@type":"PropertyValueSpecification","valueRequired":true,"valueName":"search_term_string"}}],"inLanguage":"en-GB"},{"@type":["Person","Organization"],"@id":"https:\/\/bednarmilan.cz\/en\/#\/schema\/person\/4414fdceba4a6e05157f1e84a6ef0630","name":"Milan Bedn\u00e1\u0159","image":{"@type":"ImageObject","inLanguage":"en-GB","@id":"https:\/\/secure.gravatar.com\/avatar\/91880e7158b9968ad752b25fd2f3d85691559794a2b5077307de658ed6ac26fe?s=96&d=mm&r=g","url":"https:\/\/secure.gravatar.com\/avatar\/91880e7158b9968ad752b25fd2f3d85691559794a2b5077307de658ed6ac26fe?s=96&d=mm&r=g","contentUrl":"https:\/\/secure.gravatar.com\/avatar\/91880e7158b9968ad752b25fd2f3d85691559794a2b5077307de658ed6ac26fe?s=96&d=mm&r=g","caption":"Milan Bedn\u00e1\u0159"},"logo":{"@id":"https:\/\/secure.gravatar.com\/avatar\/91880e7158b9968ad752b25fd2f3d85691559794a2b5077307de658ed6ac26fe?s=96&d=mm&r=g"}}]}},"_links":{"self":[{"href":"https:\/\/bednarmilan.cz\/en\/wp-json\/wp\/v2\/pages\/62","targetHints":{"allow":["GET"]}}],"collection":[{"href":"https:\/\/bednarmilan.cz\/en\/wp-json\/wp\/v2\/pages"}],"about":[{"href":"https:\/\/bednarmilan.cz\/en\/wp-json\/wp\/v2\/types\/page"}],"author":[{"embeddable":true,"href":"https:\/\/bednarmilan.cz\/en\/wp-json\/wp\/v2\/users\/1"}],"replies":[{"embeddable":true,"href":"https:\/\/bednarmilan.cz\/en\/wp-json\/wp\/v2\/comments?post=62"}],"version-history":[{"count":288,"href":"https:\/\/bednarmilan.cz\/en\/wp-json\/wp\/v2\/pages\/62\/revisions"}],"predecessor-version":[{"id":4018,"href":"https:\/\/bednarmilan.cz\/en\/wp-json\/wp\/v2\/pages\/62\/revisions\/4018"}],"wp:attachment":[{"href":"https:\/\/bednarmilan.cz\/en\/wp-json\/wp\/v2\/media?parent=62"}],"curies":[{"name":"wp","href":"https:\/\/api.w.org\/{rel}","templated":true}]}}